{"id":3035,"date":"2021-01-13T16:29:55","date_gmt":"2021-01-13T16:29:55","guid":{"rendered":"https:\/\/smartmag.theme-sphere.com\/prime-mag\/"},"modified":"2024-01-08T17:17:53","modified_gmt":"2024-01-08T16:17:53","slug":"homepage","status":"publish","type":"page","link":"https:\/\/czasnamoto.pl\/","title":{"rendered":"Homepage"},"content":{"rendered":"\t\t<div data-elementor-type=\"wp-page\" data-elementor-id=\"3035\" class=\"elementor elementor-3035\">\n\t\t\t\t\t\t<section class=\"has-el-gap el-gap-default elementor-section elementor-top-section elementor-element elementor-element-55a9efd is-full-xs elementor-section-boxed elementor-section-height-default elementor-section-height-default\" data-id=\"55a9efd\" data-element_type=\"section\">\n\t\t\t\t\t\t<div class=\"elementor-container elementor-column-gap-no\">\n\t\t\t\t\t<div class=\"elementor-column elementor-col-100 elementor-top-column elementor-element elementor-element-4ecd56bd\" data-id=\"4ecd56bd\" data-element_type=\"column\">\n\t\t\t<div class=\"elementor-widget-wrap elementor-element-populated\">\n\t\t\t\t\t\t<div class=\"elementor-element elementor-element-1c934879 elementor-widget elementor-widget-smartmag-featgrid\" data-id=\"1c934879\" data-element_type=\"widget\" data-widget_type=\"smartmag-featgrid.default\">\n\t\t\t\t<div class=\"elementor-widget-container\">\n\t\t\t\t\t<section class=\"block-wrap block-feat-grid block-sc mb-none\" data-id=\"1\">\n\n\t\t\t\t\n\t\t\t<div class=\"block-content\">\n\t\t\t\t\t\n<section class=\"feat-grid feat-grid-a static feat-grid-ratio\">\n\n\t<div class=\"slides\" data-parallax>\n\t\n\t\n\t\t\t\t\t<div class=\"items-wrap slide-wrap\">\n\t\t\t\t\t\n\t\t\t\t\t\t\t\n\t\t\t\t<div class=\"item item-large item-main item-1 pos-bot\">\n\n\t\t\t\t\t\n<article class=\"l-post grid-overlay grid-overlay-a hover-zoom\">\n\n\t\n\t\t\t<div class=\"media\">\n\n\t\t\n\t\t\t<a href=\"https:\/\/czasnamoto.pl\/index.php\/2021\/10\/28\/jak-sie-upewnic-ze-kupowany-samochod-nie-jest-po-wypadku\/\" class=\"image-link\" title=\"Jak si\u0119 upewni\u0107, \u017ce kupowany samoch\u00f3d nie jest po wypadku?\"><img fetchpriority=\"high\" decoding=\"async\" width=\"768\" height=\"576\" src=\"https:\/\/czasnamoto.pl\/wp-content\/uploads\/2020\/11\/auto-1291491_1920-768x576.jpg\" class=\"attachment-bunyad-768 size-bunyad-768 wp-post-image\" alt=\"\" sizes=\"(max-width: 556px) 100vw, 556px\" title=\"Jak si\u0119 upewni\u0107, \u017ce kupowany samoch\u00f3d nie jest po wypadku?\" srcset=\"https:\/\/czasnamoto.pl\/wp-content\/uploads\/2020\/11\/auto-1291491_1920-768x576.jpg 768w, https:\/\/czasnamoto.pl\/wp-content\/uploads\/2020\/11\/auto-1291491_1920-1024x768.jpg 1024w, https:\/\/czasnamoto.pl\/wp-content\/uploads\/2020\/11\/auto-1291491_1920-1536x1152.jpg 1536w, https:\/\/czasnamoto.pl\/wp-content\/uploads\/2020\/11\/auto-1291491_1920-1200x900.jpg 1200w, https:\/\/czasnamoto.pl\/wp-content\/uploads\/2020\/11\/auto-1291491_1920.jpg 1920w\" \/><\/a>\t\t\t\n\t\t\t\n\t\t\t\n\t\t\t\n\t\t\n\t\t<\/div>\n\t\n\n\t\t\t<div class=\"content-wrap\">\n\t\n\t\t<div class=\"content\">\n\n\t\t\t<div class=\"post-meta post-meta-a meta-contrast\"><h2 class=\"is-title post-title\"><a href=\"https:\/\/czasnamoto.pl\/index.php\/2021\/10\/28\/jak-sie-upewnic-ze-kupowany-samochod-nie-jest-po-wypadku\/\">Jak si\u0119 upewni\u0107, \u017ce kupowany samoch\u00f3d nie jest po wypadku?<\/a><\/h2><\/div>\t\t\t\n\t\t\t\n\t\t\t\n\t\t<\/div>\n\n\t\t\t<\/div>\n\t\n<\/article>\n\t\t\t\t<\/div>\n\t\t\t\t\t\t\t\n\t\t\t\t\t\t\t\n\t\t\t\t<div class=\"item item-small item-2 pos-bot\">\n\n\t\t\t\t\t\n<article class=\"l-post grid-overlay grid-overlay-a hover-zoom\">\n\n\t\n\t\t\t<div class=\"media\">\n\n\t\t\n\t\t\t<a href=\"https:\/\/czasnamoto.pl\/index.php\/2021\/05\/04\/motoryzacyjne-tendencje-zakupowe-polakow\/\" class=\"image-link\" title=\"Motoryzacyjne tendencje zakupowe Polak\u00f3w.\"><img decoding=\"async\" width=\"300\" height=\"200\" src=\"https:\/\/czasnamoto.pl\/wp-content\/uploads\/2021\/05\/car-1149997_1920-300x200.jpg\" class=\"attachment-medium size-medium wp-post-image\" alt=\"\" sizes=\"(max-width: 768px) 50vw, 277px\" title=\"Motoryzacyjne tendencje zakupowe Polak\u00f3w.\" srcset=\"https:\/\/czasnamoto.pl\/wp-content\/uploads\/2021\/05\/car-1149997_1920-1024x683.jpg 1024w, https:\/\/czasnamoto.pl\/wp-content\/uploads\/2021\/05\/car-1149997_1920-768x512.jpg 768w, https:\/\/czasnamoto.pl\/wp-content\/uploads\/2021\/05\/car-1149997_1920-1536x1024.jpg 1536w, https:\/\/czasnamoto.pl\/wp-content\/uploads\/2021\/05\/car-1149997_1920-450x300.jpg 450w, https:\/\/czasnamoto.pl\/wp-content\/uploads\/2021\/05\/car-1149997_1920-1200x800.jpg 1200w, https:\/\/czasnamoto.pl\/wp-content\/uploads\/2021\/05\/car-1149997_1920.jpg 1920w\" \/><\/a>\t\t\t\n\t\t\t\n\t\t\t\n\t\t\t\n\t\t\n\t\t<\/div>\n\t\n\n\t\t\t<div class=\"content-wrap\">\n\t\n\t\t<div class=\"content\">\n\n\t\t\t<div class=\"post-meta post-meta-a meta-contrast\"><h2 class=\"is-title post-title\"><a href=\"https:\/\/czasnamoto.pl\/index.php\/2021\/05\/04\/motoryzacyjne-tendencje-zakupowe-polakow\/\">Motoryzacyjne tendencje zakupowe Polak\u00f3w.<\/a><\/h2><\/div>\t\t\t\n\t\t\t\n\t\t\t\n\t\t<\/div>\n\n\t\t\t<\/div>\n\t\n<\/article>\n\t\t\t\t<\/div>\n\t\t\t\t\t\t\t\n\t\t\t\t\t\t\t\n\t\t\t\t<div class=\"item item-small item-3 pos-bot\">\n\n\t\t\t\t\t\n<article class=\"l-post grid-overlay grid-overlay-a hover-zoom\">\n\n\t\n\t\t\t<div class=\"media\">\n\n\t\t\n\t\t\t<a href=\"https:\/\/czasnamoto.pl\/index.php\/2021\/03\/24\/jak-dbac-o-zawieszenie-samochodu-najwazniejsze-rzeczy-ktore-powinienes-wiedziec-o-elementach-zawieszenia-i-jego-stanie\/\" class=\"image-link\" title=\"Jak dba\u0107 o zawieszenie samochodu? Najwa\u017cniejsze rzeczy, kt\u00f3re powiniene\u015b wiedzie\u0107 o elementach zawieszenia i jego stanie\"><img decoding=\"async\" width=\"300\" height=\"200\" src=\"https:\/\/czasnamoto.pl\/wp-content\/uploads\/2021\/03\/body-kit-1869892_1920-300x200.jpg\" class=\"attachment-medium size-medium wp-post-image\" alt=\"\" sizes=\"(max-width: 768px) 50vw, 277px\" title=\"Jak dba\u0107 o zawieszenie samochodu? Najwa\u017cniejsze rzeczy, kt\u00f3re powiniene\u015b wiedzie\u0107 o elementach zawieszenia i jego stanie\" srcset=\"https:\/\/czasnamoto.pl\/wp-content\/uploads\/2021\/03\/body-kit-1869892_1920-1024x683.jpg 1024w, https:\/\/czasnamoto.pl\/wp-content\/uploads\/2021\/03\/body-kit-1869892_1920-768x512.jpg 768w, https:\/\/czasnamoto.pl\/wp-content\/uploads\/2021\/03\/body-kit-1869892_1920-1536x1024.jpg 1536w, https:\/\/czasnamoto.pl\/wp-content\/uploads\/2021\/03\/body-kit-1869892_1920-450x300.jpg 450w, https:\/\/czasnamoto.pl\/wp-content\/uploads\/2021\/03\/body-kit-1869892_1920-1200x800.jpg 1200w, https:\/\/czasnamoto.pl\/wp-content\/uploads\/2021\/03\/body-kit-1869892_1920.jpg 1920w\" \/><\/a>\t\t\t\n\t\t\t\n\t\t\t\n\t\t\t\n\t\t\n\t\t<\/div>\n\t\n\n\t\t\t<div class=\"content-wrap\">\n\t\n\t\t<div class=\"content\">\n\n\t\t\t<div class=\"post-meta post-meta-a meta-contrast\"><h2 class=\"is-title post-title\"><a href=\"https:\/\/czasnamoto.pl\/index.php\/2021\/03\/24\/jak-dbac-o-zawieszenie-samochodu-najwazniejsze-rzeczy-ktore-powinienes-wiedziec-o-elementach-zawieszenia-i-jego-stanie\/\">Jak dba\u0107 o zawieszenie samochodu? Najwa\u017cniejsze rzeczy, kt\u00f3re powiniene\u015b wiedzie\u0107 o elementach zawieszenia i jego stanie<\/a><\/h2><\/div>\t\t\t\n\t\t\t\n\t\t\t\n\t\t<\/div>\n\n\t\t\t<\/div>\n\t\n<\/article>\n\t\t\t\t<\/div>\n\t\t\t\t\t\t\t\n\t\t\t\t\t\t\t\n\t\t\t\t<div class=\"item item-small item-4 pos-bot\">\n\n\t\t\t\t\t\n<article class=\"l-post grid-overlay grid-overlay-a hover-zoom\">\n\n\t\n\t\t\t<div class=\"media\">\n\n\t\t\n\t\t\t<a href=\"https:\/\/czasnamoto.pl\/index.php\/2021\/03\/17\/nowa-era-volvo-koniec-z-silnikami-spalinowymi-koniec-ze-stacjonarna-sprzedaza\/\" class=\"image-link\" title=\"Nowa era Volvo. Koniec z silnikami spalinowymi. Koniec ze stacjonarn\u0105 sprzeda\u017c\u0105\"><img loading=\"lazy\" decoding=\"async\" width=\"300\" height=\"185\" src=\"https:\/\/czasnamoto.pl\/wp-content\/uploads\/2021\/03\/volvo-2396040_1920-300x185.jpg\" class=\"attachment-medium size-medium wp-post-image\" alt=\"\" sizes=\"(max-width: 768px) 50vw, 277px\" title=\"Nowa era Volvo. Koniec z silnikami spalinowymi. Koniec ze stacjonarn\u0105 sprzeda\u017c\u0105\" srcset=\"https:\/\/czasnamoto.pl\/wp-content\/uploads\/2021\/03\/volvo-2396040_1920-1024x633.jpg 1024w, https:\/\/czasnamoto.pl\/wp-content\/uploads\/2021\/03\/volvo-2396040_1920-768x475.jpg 768w, https:\/\/czasnamoto.pl\/wp-content\/uploads\/2021\/03\/volvo-2396040_1920-1536x950.jpg 1536w, https:\/\/czasnamoto.pl\/wp-content\/uploads\/2021\/03\/volvo-2396040_1920-450x278.jpg 450w, https:\/\/czasnamoto.pl\/wp-content\/uploads\/2021\/03\/volvo-2396040_1920-1200x742.jpg 1200w, https:\/\/czasnamoto.pl\/wp-content\/uploads\/2021\/03\/volvo-2396040_1920.jpg 1920w\" \/><\/a>\t\t\t\n\t\t\t\n\t\t\t\n\t\t\t\n\t\t\n\t\t<\/div>\n\t\n\n\t\t\t<div class=\"content-wrap\">\n\t\n\t\t<div class=\"content\">\n\n\t\t\t<div class=\"post-meta post-meta-a meta-contrast\"><h2 class=\"is-title post-title\"><a href=\"https:\/\/czasnamoto.pl\/index.php\/2021\/03\/17\/nowa-era-volvo-koniec-z-silnikami-spalinowymi-koniec-ze-stacjonarna-sprzedaza\/\">Nowa era Volvo. Koniec z silnikami spalinowymi. Koniec ze stacjonarn\u0105 sprzeda\u017c\u0105<\/a><\/h2><\/div>\t\t\t\n\t\t\t\n\t\t\t\n\t\t<\/div>\n\n\t\t\t<\/div>\n\t\n<\/article>\n\t\t\t\t<\/div>\n\t\t\t\t\t\t\t\n\t\t\t\t\t\t\t\n\t\t\t\t<div class=\"item item-small item-5 pos-bot\">\n\n\t\t\t\t\t\n<article class=\"l-post grid-overlay grid-overlay-a hover-zoom\">\n\n\t\n\t\t\t<div class=\"media\">\n\n\t\t\n\t\t\t<a href=\"https:\/\/czasnamoto.pl\/index.php\/2021\/03\/10\/skup-auta-zalety-tego-rozwiazania-dla-sprzedajacych-uzywane-auta\/\" class=\"image-link\" title=\"Skup auta. Zalety tego rozwi\u0105zania dla sprzedaj\u0105cych u\u017cywane auta.\"><img loading=\"lazy\" decoding=\"async\" width=\"300\" height=\"190\" src=\"https:\/\/czasnamoto.pl\/wp-content\/uploads\/2021\/03\/businesswoman-1063388_1920-300x190.jpg\" class=\"attachment-medium size-medium wp-post-image\" alt=\"\" sizes=\"(max-width: 768px) 50vw, 277px\" title=\"Skup auta. Zalety tego rozwi\u0105zania dla sprzedaj\u0105cych u\u017cywane auta.\" srcset=\"https:\/\/czasnamoto.pl\/wp-content\/uploads\/2021\/03\/businesswoman-1063388_1920-1024x650.jpg 1024w, https:\/\/czasnamoto.pl\/wp-content\/uploads\/2021\/03\/businesswoman-1063388_1920-768x488.jpg 768w, https:\/\/czasnamoto.pl\/wp-content\/uploads\/2021\/03\/businesswoman-1063388_1920-1536x975.jpg 1536w, https:\/\/czasnamoto.pl\/wp-content\/uploads\/2021\/03\/businesswoman-1063388_1920-450x286.jpg 450w, https:\/\/czasnamoto.pl\/wp-content\/uploads\/2021\/03\/businesswoman-1063388_1920-1200x762.jpg 1200w, https:\/\/czasnamoto.pl\/wp-content\/uploads\/2021\/03\/businesswoman-1063388_1920.jpg 1920w\" \/><\/a>\t\t\t\n\t\t\t\n\t\t\t\n\t\t\t\n\t\t\n\t\t<\/div>\n\t\n\n\t\t\t<div class=\"content-wrap\">\n\t\n\t\t<div class=\"content\">\n\n\t\t\t<div class=\"post-meta post-meta-a meta-contrast\"><h2 class=\"is-title post-title\"><a href=\"https:\/\/czasnamoto.pl\/index.php\/2021\/03\/10\/skup-auta-zalety-tego-rozwiazania-dla-sprzedajacych-uzywane-auta\/\">Skup auta. Zalety tego rozwi\u0105zania dla sprzedaj\u0105cych u\u017cywane auta.<\/a><\/h2><\/div>\t\t\t\n\t\t\t\n\t\t\t\n\t\t<\/div>\n\n\t\t\t<\/div>\n\t\n<\/article>\n\t\t\t\t<\/div>\n\t\t\t\t\t\t\t\n\t\t\t\t\t\t\t\n\t\t\t\t\t<\/div>\n\t\t\n\t\t<\/div>\n\n<\/section>\n\t\t\t<\/div>\n\n\t\t<\/section>\n\t\t\t\t<\/div>\n\t\t\t\t<\/div>\n\t\t\t\t\t<\/div>\n\t\t<\/div>\n\t\t\t\t\t<\/div>\n\t\t<\/section>\n\t\t\t\t<section class=\"has-el-gap el-gap-default elementor-section elementor-top-section elementor-element elementor-element-ac3b37e elementor-section-boxed elementor-section-height-default elementor-section-height-default\" data-id=\"ac3b37e\" data-element_type=\"section\">\n\t\t\t\t\t\t<div class=\"elementor-container elementor-column-gap-no\">\n\t\t\t\t\t<div class=\"elementor-column elementor-col-66 elementor-top-column elementor-element elementor-element-fd8591e main-content\" data-id=\"fd8591e\" data-element_type=\"column\">\n\t\t\t<div class=\"elementor-widget-wrap elementor-element-populated\">\n\t\t\t\t\t\t<div class=\"elementor-element elementor-element-fb9225d elementor-widget elementor-widget-smartmag-postslist\" data-id=\"fb9225d\" data-element_type=\"widget\" data-widget_type=\"smartmag-postslist.default\">\n\t\t\t\t<div class=\"elementor-widget-container\">\n\t\t\t\t\t<section class=\"block-wrap block-posts-list block-sc mb-sm\" data-id=\"2\">\n\n\t\t\t\t\n\t\t\t<div class=\"block-content\">\n\t\t\t\t\t\n\t<div class=\"loop loop-list loop-sep loop-list-sep grid grid-1 md:grid-1 sm:grid-1\">\n\n\t\t\t\t\n\t\t\t\n<article class=\"l-post list-post list-post-on-sm m-pos-left\">\n\n\t\n\t\t\t<div class=\"media\">\n\n\t\t\n\t\t\t<a href=\"https:\/\/czasnamoto.pl\/index.php\/2021\/01\/22\/dzialanie-powlok-ceramicznych-wszystko-co-musisz-wiedziec\/\" class=\"image-link media-ratio ratio-3-2\" title=\"Dzia\u0142anie pow\u0142ok ceramicznych. Wszystko co musisz wiedzie\u0107.\"><img loading=\"lazy\" decoding=\"async\" width=\"285\" height=\"190\" src=\"https:\/\/czasnamoto.pl\/wp-content\/uploads\/2021\/01\/cleaning-1837331_1920-300x200.jpg\" class=\"attachment-medium size-medium wp-post-image\" alt=\"\" sizes=\"(max-width: 285px) 100vw, 285px\" title=\"Dzia\u0142anie pow\u0142ok ceramicznych. Wszystko co musisz wiedzie\u0107.\" srcset=\"https:\/\/czasnamoto.pl\/wp-content\/uploads\/2021\/01\/cleaning-1837331_1920-300x200.jpg 300w, https:\/\/czasnamoto.pl\/wp-content\/uploads\/2021\/01\/cleaning-1837331_1920-1024x683.jpg 1024w, https:\/\/czasnamoto.pl\/wp-content\/uploads\/2021\/01\/cleaning-1837331_1920-768x512.jpg 768w, https:\/\/czasnamoto.pl\/wp-content\/uploads\/2021\/01\/cleaning-1837331_1920-1536x1025.jpg 1536w, https:\/\/czasnamoto.pl\/wp-content\/uploads\/2021\/01\/cleaning-1837331_1920-150x100.jpg 150w, https:\/\/czasnamoto.pl\/wp-content\/uploads\/2021\/01\/cleaning-1837331_1920-450x300.jpg 450w, https:\/\/czasnamoto.pl\/wp-content\/uploads\/2021\/01\/cleaning-1837331_1920-1200x801.jpg 1200w, https:\/\/czasnamoto.pl\/wp-content\/uploads\/2021\/01\/cleaning-1837331_1920.jpg 1920w\" \/><\/a>\t\t\t\n\t\t\t\n\t\t\t\n\t\t\t\t\t\t\t\n\t\t\t\t<span class=\"cat-labels cat-labels-overlay c-overlay p-bot-left\">\n\t\t\t\t<a href=\"https:\/\/czasnamoto.pl\/index.php\/category\/wiadomosci\/\" class=\"category term-color-36\" rel=\"category\">Wiadomo\u015bci<\/a>\n\t\t\t<\/span>\n\t\t\t\t\t\t\n\t\t\t\n\t\t\n\t\t<\/div>\n\t\n\n\t\n\t\t<div class=\"content\">\n\n\t\t\t<div class=\"post-meta post-meta-a\"><h2 class=\"is-title post-title\"><a href=\"https:\/\/czasnamoto.pl\/index.php\/2021\/01\/22\/dzialanie-powlok-ceramicznych-wszystko-co-musisz-wiedziec\/\">Dzia\u0142anie pow\u0142ok ceramicznych. Wszystko co musisz wiedzie\u0107.<\/a><\/h2><\/div>\t\t\t\n\t\t\t\t\t\t\n\t\t\t\t<div class=\"excerpt\">\n\t\t\t\t\t<p>Czym jest pow\u0142oka ceramiczna i czemu s\u0142u\u017cy? Pow\u0142oka ceramiczna to zwi\u0105zek chemiczny, wykonany z nanotechnologii,&hellip;<\/p>\n\t\t\t\t<\/div>\n\t\t\t\n\t\t\t\n\t\t\t\n\t\t<\/div>\n\n\t\n<\/article>\n\t\t\t\t\n\t\t\t\n<article class=\"l-post list-post list-post-on-sm m-pos-left\">\n\n\t\n\t\t\t<div class=\"media\">\n\n\t\t\n\t\t\t<a href=\"https:\/\/czasnamoto.pl\/index.php\/2021\/01\/18\/klimat-w-polsce-sie-zmienia-nie-rezygnuj-jednak-z-opon-zimowych\/\" class=\"image-link media-ratio ratio-3-2\" title=\"Klimat w Polsce si\u0119 zmienia. Nie rezygnuj jednak z opon zimowych.\"><img loading=\"lazy\" decoding=\"async\" width=\"285\" height=\"190\" src=\"https:\/\/czasnamoto.pl\/wp-content\/uploads\/2021\/01\/wheels-1813465_1920-300x200.jpg\" class=\"attachment-medium size-medium wp-post-image\" alt=\"\" sizes=\"(max-width: 285px) 100vw, 285px\" title=\"Klimat w Polsce si\u0119 zmienia. Nie rezygnuj jednak z opon zimowych.\" srcset=\"https:\/\/czasnamoto.pl\/wp-content\/uploads\/2021\/01\/wheels-1813465_1920-300x200.jpg 300w, https:\/\/czasnamoto.pl\/wp-content\/uploads\/2021\/01\/wheels-1813465_1920-1024x683.jpg 1024w, https:\/\/czasnamoto.pl\/wp-content\/uploads\/2021\/01\/wheels-1813465_1920-768x512.jpg 768w, https:\/\/czasnamoto.pl\/wp-content\/uploads\/2021\/01\/wheels-1813465_1920-1536x1024.jpg 1536w, https:\/\/czasnamoto.pl\/wp-content\/uploads\/2021\/01\/wheels-1813465_1920-150x100.jpg 150w, https:\/\/czasnamoto.pl\/wp-content\/uploads\/2021\/01\/wheels-1813465_1920-450x300.jpg 450w, https:\/\/czasnamoto.pl\/wp-content\/uploads\/2021\/01\/wheels-1813465_1920-1200x800.jpg 1200w, https:\/\/czasnamoto.pl\/wp-content\/uploads\/2021\/01\/wheels-1813465_1920.jpg 1920w\" \/><\/a>\t\t\t\n\t\t\t\n\t\t\t\n\t\t\t\t\t\t\t\n\t\t\t\t<span class=\"cat-labels cat-labels-overlay c-overlay p-bot-left\">\n\t\t\t\t<a href=\"https:\/\/czasnamoto.pl\/index.php\/category\/wiadomosci\/\" class=\"category term-color-36\" rel=\"category\">Wiadomo\u015bci<\/a>\n\t\t\t<\/span>\n\t\t\t\t\t\t\n\t\t\t\n\t\t\n\t\t<\/div>\n\t\n\n\t\n\t\t<div class=\"content\">\n\n\t\t\t<div class=\"post-meta post-meta-a\"><h2 class=\"is-title post-title\"><a href=\"https:\/\/czasnamoto.pl\/index.php\/2021\/01\/18\/klimat-w-polsce-sie-zmienia-nie-rezygnuj-jednak-z-opon-zimowych\/\">Klimat w Polsce si\u0119 zmienia. Nie rezygnuj jednak z opon zimowych.<\/a><\/h2><\/div>\t\t\t\n\t\t\t\t\t\t\n\t\t\t\t<div class=\"excerpt\">\n\t\t\t\t\t<p>Od kilku lat polskie zimy nie obfituj\u0105 w \u015bnie\u017cne, mro\u017ane dni, ze wzgl\u0119du na ocieplenie&hellip;<\/p>\n\t\t\t\t<\/div>\n\t\t\t\n\t\t\t\n\t\t\t\n\t\t<\/div>\n\n\t\n<\/article>\n\t\t\t\t\n\t\t\t\n<article class=\"l-post list-post list-post-on-sm m-pos-left\">\n\n\t\n\t\t\t<div class=\"media\">\n\n\t\t\n\t\t\t<a href=\"https:\/\/czasnamoto.pl\/index.php\/2021\/01\/11\/premiera-alfa-romeo-stelvio-quadrifoglio-q4-2021\/\" class=\"image-link media-ratio ratio-3-2\" title=\"PREMIERA: Alfa Romeo Stelvio Quadrifoglio Q4 2021\"><img loading=\"lazy\" decoding=\"async\" width=\"285\" height=\"190\" src=\"https:\/\/czasnamoto.pl\/wp-content\/uploads\/2021\/01\/1-2-300x120.jpg\" class=\"attachment-medium size-medium wp-post-image\" alt=\"\" sizes=\"(max-width: 285px) 100vw, 285px\" title=\"PREMIERA: Alfa Romeo Stelvio Quadrifoglio Q4 2021\" srcset=\"https:\/\/czasnamoto.pl\/wp-content\/uploads\/2021\/01\/1-2-1024x408.jpg 1024w, https:\/\/czasnamoto.pl\/wp-content\/uploads\/2021\/01\/1-2-768x306.jpg 768w, https:\/\/czasnamoto.pl\/wp-content\/uploads\/2021\/01\/1-2-1536x612.jpg 1536w, https:\/\/czasnamoto.pl\/wp-content\/uploads\/2021\/01\/1-2-450x179.jpg 450w, https:\/\/czasnamoto.pl\/wp-content\/uploads\/2021\/01\/1-2-1200x478.jpg 1200w, https:\/\/czasnamoto.pl\/wp-content\/uploads\/2021\/01\/1-2.jpg 1920w\" \/><\/a>\t\t\t\n\t\t\t\n\t\t\t\n\t\t\t\t\t\t\t\n\t\t\t\t<span class=\"cat-labels cat-labels-overlay c-overlay p-bot-left\">\n\t\t\t\t<a href=\"https:\/\/czasnamoto.pl\/index.php\/category\/premiery\/\" class=\"category term-color-40\" rel=\"category\">Premiery<\/a>\n\t\t\t<\/span>\n\t\t\t\t\t\t\n\t\t\t\n\t\t\n\t\t<\/div>\n\t\n\n\t\n\t\t<div class=\"content\">\n\n\t\t\t<div class=\"post-meta post-meta-a\"><h2 class=\"is-title post-title\"><a href=\"https:\/\/czasnamoto.pl\/index.php\/2021\/01\/11\/premiera-alfa-romeo-stelvio-quadrifoglio-q4-2021\/\">PREMIERA: Alfa Romeo Stelvio Quadrifoglio Q4 2021<\/a><\/h2><\/div>\t\t\t\n\t\t\t\t\t\t\n\t\t\t\t<div class=\"excerpt\">\n\t\t\t\t\t<p>W tym roku swoj\u0105 premier\u0119 mia\u0142a nowa Alfa Romeo Stelvio Quadrifoglio. To ju\u017c druga generacja&hellip;<\/p>\n\t\t\t\t<\/div>\n\t\t\t\n\t\t\t\n\t\t\t\n\t\t<\/div>\n\n\t\n<\/article>\n\t\t\t\t\n\t\t\t\n<article class=\"l-post list-post list-post-on-sm m-pos-left\">\n\n\t\n\t\t\t<div class=\"media\">\n\n\t\t\n\t\t\t<a href=\"https:\/\/czasnamoto.pl\/index.php\/2021\/01\/05\/wszystko-co-trzeba-wiedziec-o-uzywaniu-fotelika\/\" class=\"image-link media-ratio ratio-3-2\" title=\"Wszystko co trzeba wiedzie\u0107 o u\u017cywaniu fotelika.\"><img loading=\"lazy\" decoding=\"async\" width=\"285\" height=\"190\" src=\"https:\/\/czasnamoto.pl\/wp-content\/uploads\/2021\/01\/vehicle-69771_1280-200x300.jpg\" class=\"attachment-medium size-medium wp-post-image\" alt=\"\" sizes=\"(max-width: 285px) 100vw, 285px\" title=\"Wszystko co trzeba wiedzie\u0107 o u\u017cywaniu fotelika.\" srcset=\"https:\/\/czasnamoto.pl\/wp-content\/uploads\/2021\/01\/vehicle-69771_1280-200x300.jpg 200w, https:\/\/czasnamoto.pl\/wp-content\/uploads\/2021\/01\/vehicle-69771_1280-682x1024.jpg 682w, https:\/\/czasnamoto.pl\/wp-content\/uploads\/2021\/01\/vehicle-69771_1280-768x1152.jpg 768w, https:\/\/czasnamoto.pl\/wp-content\/uploads\/2021\/01\/vehicle-69771_1280-150x225.jpg 150w, https:\/\/czasnamoto.pl\/wp-content\/uploads\/2021\/01\/vehicle-69771_1280-450x675.jpg 450w, https:\/\/czasnamoto.pl\/wp-content\/uploads\/2021\/01\/vehicle-69771_1280.jpg 853w\" \/><\/a>\t\t\t\n\t\t\t\n\t\t\t\n\t\t\t\t\t\t\t\n\t\t\t\t<span class=\"cat-labels cat-labels-overlay c-overlay p-bot-left\">\n\t\t\t\t<a href=\"https:\/\/czasnamoto.pl\/index.php\/category\/wiadomosci\/\" class=\"category term-color-36\" rel=\"category\">Wiadomo\u015bci<\/a>\n\t\t\t<\/span>\n\t\t\t\t\t\t\n\t\t\t\n\t\t\n\t\t<\/div>\n\t\n\n\t\n\t\t<div class=\"content\">\n\n\t\t\t<div class=\"post-meta post-meta-a\"><h2 class=\"is-title post-title\"><a href=\"https:\/\/czasnamoto.pl\/index.php\/2021\/01\/05\/wszystko-co-trzeba-wiedziec-o-uzywaniu-fotelika\/\">Wszystko co trzeba wiedzie\u0107 o u\u017cywaniu fotelika.<\/a><\/h2><\/div>\t\t\t\n\t\t\t\t\t\t\n\t\t\t\t<div class=\"excerpt\">\n\t\t\t\t\t<p>Do obowi\u0105zku korzystania z fotelika lub innego urz\u0105dzenia dla bezpiecze\u0144stwa dziecka podczas jazdy, musz\u0105 stosowa\u0107&hellip;<\/p>\n\t\t\t\t<\/div>\n\t\t\t\n\t\t\t\n\t\t\t\n\t\t<\/div>\n\n\t\n<\/article>\n\t\t\t\t\n\t\t\t\n<article class=\"l-post list-post list-post-on-sm m-pos-left\">\n\n\t\n\t\t\t<div class=\"media\">\n\n\t\t\n\t\t\t<a href=\"https:\/\/czasnamoto.pl\/index.php\/2020\/12\/28\/premiera-toyota-gr-yaris-2020\/\" class=\"image-link media-ratio ratio-3-2\" title=\"PREMIERA: Toyota GR Yaris 2020\"><img loading=\"lazy\" decoding=\"async\" width=\"285\" height=\"190\" src=\"https:\/\/czasnamoto.pl\/wp-content\/uploads\/2020\/12\/1-2-300x150.jpg\" class=\"attachment-medium size-medium wp-post-image\" alt=\"\" sizes=\"(max-width: 285px) 100vw, 285px\" title=\"PREMIERA: Toyota GR Yaris 2020\" srcset=\"https:\/\/czasnamoto.pl\/wp-content\/uploads\/2020\/12\/1-2-1024x512.jpg 1024w, https:\/\/czasnamoto.pl\/wp-content\/uploads\/2020\/12\/1-2-768x384.jpg 768w, https:\/\/czasnamoto.pl\/wp-content\/uploads\/2020\/12\/1-2-450x225.jpg 450w, https:\/\/czasnamoto.pl\/wp-content\/uploads\/2020\/12\/1-2-1200x600.jpg 1200w, https:\/\/czasnamoto.pl\/wp-content\/uploads\/2020\/12\/1-2.jpg 1384w\" \/><\/a>\t\t\t\n\t\t\t\n\t\t\t\n\t\t\t\t\t\t\t\n\t\t\t\t<span class=\"cat-labels cat-labels-overlay c-overlay p-bot-left\">\n\t\t\t\t<a href=\"https:\/\/czasnamoto.pl\/index.php\/category\/premiery\/\" class=\"category term-color-40\" rel=\"category\">Premiery<\/a>\n\t\t\t<\/span>\n\t\t\t\t\t\t\n\t\t\t\n\t\t\n\t\t<\/div>\n\t\n\n\t\n\t\t<div class=\"content\">\n\n\t\t\t<div class=\"post-meta post-meta-a\"><h2 class=\"is-title post-title\"><a href=\"https:\/\/czasnamoto.pl\/index.php\/2020\/12\/28\/premiera-toyota-gr-yaris-2020\/\">PREMIERA: Toyota GR Yaris 2020<\/a><\/h2><\/div>\t\t\t\n\t\t\t\t\t\t\n\t\t\t\t<div class=\"excerpt\">\n\t\t\t\t\t<p>W tym roku swoj\u0105 premier\u0119 mia\u0142a nowa Toyota GR Yaris. Jest to auto pod wieloma&hellip;<\/p>\n\t\t\t\t<\/div>\n\t\t\t\n\t\t\t\n\t\t\t\n\t\t<\/div>\n\n\t\n<\/article>\n\t\t\t\t\n\t\t\t\n<article class=\"l-post list-post list-post-on-sm m-pos-left\">\n\n\t\n\t\t\t<div class=\"media\">\n\n\t\t\n\t\t\t<a href=\"https:\/\/czasnamoto.pl\/index.php\/2020\/12\/19\/premiera-bmw-alpina-b5-touring-2020\/\" class=\"image-link media-ratio ratio-3-2\" title=\"PREMIERA: BMW Alpina B5 Touring 2020\"><img loading=\"lazy\" decoding=\"async\" width=\"285\" height=\"190\" src=\"https:\/\/czasnamoto.pl\/wp-content\/uploads\/2020\/12\/1-1-300x169.jpg\" class=\"attachment-medium size-medium wp-post-image\" alt=\"\" sizes=\"(max-width: 285px) 100vw, 285px\" title=\"PREMIERA: BMW Alpina B5 Touring 2020\" srcset=\"https:\/\/czasnamoto.pl\/wp-content\/uploads\/2020\/12\/1-1-1024x576.jpg 1024w, https:\/\/czasnamoto.pl\/wp-content\/uploads\/2020\/12\/1-1-768x432.jpg 768w, https:\/\/czasnamoto.pl\/wp-content\/uploads\/2020\/12\/1-1-1536x864.jpg 1536w, https:\/\/czasnamoto.pl\/wp-content\/uploads\/2020\/12\/1-1-450x253.jpg 450w, https:\/\/czasnamoto.pl\/wp-content\/uploads\/2020\/12\/1-1-1200x675.jpg 1200w, https:\/\/czasnamoto.pl\/wp-content\/uploads\/2020\/12\/1-1.jpg 1920w\" \/><\/a>\t\t\t\n\t\t\t\n\t\t\t\n\t\t\t\t\t\t\t\n\t\t\t\t<span class=\"cat-labels cat-labels-overlay c-overlay p-bot-left\">\n\t\t\t\t<a href=\"https:\/\/czasnamoto.pl\/index.php\/category\/premiery\/\" class=\"category term-color-40\" rel=\"category\">Premiery<\/a>\n\t\t\t<\/span>\n\t\t\t\t\t\t\n\t\t\t\n\t\t\n\t\t<\/div>\n\t\n\n\t\n\t\t<div class=\"content\">\n\n\t\t\t<div class=\"post-meta post-meta-a\"><h2 class=\"is-title post-title\"><a href=\"https:\/\/czasnamoto.pl\/index.php\/2020\/12\/19\/premiera-bmw-alpina-b5-touring-2020\/\">PREMIERA: BMW Alpina B5 Touring 2020<\/a><\/h2><\/div>\t\t\t\n\t\t\t\t\t\t\n\t\t\t\t<div class=\"excerpt\">\n\t\t\t\t\t<p>Od tego roku, w Polsce, mo\u017cna nareszcie kupi\u0107 samochody firmy Alpina. W ofercie dost\u0119pne jest&hellip;<\/p>\n\t\t\t\t<\/div>\n\t\t\t\n\t\t\t\n\t\t\t\n\t\t<\/div>\n\n\t\n<\/article>\n\t\t\t\t\n\t\t\t\n<article class=\"l-post list-post list-post-on-sm m-pos-left\">\n\n\t\n\t\t\t<div class=\"media\">\n\n\t\t\n\t\t\t<a href=\"https:\/\/czasnamoto.pl\/index.php\/2020\/12\/15\/automatyczna-czy-manualna-skrzynia-biegow-wady-i-zalety\/\" class=\"image-link media-ratio ratio-3-2\" title=\"Automatyczna czy manualna skrzynia bieg\u00f3w. Wady i zalety.\"><img loading=\"lazy\" decoding=\"async\" width=\"285\" height=\"190\" src=\"https:\/\/czasnamoto.pl\/wp-content\/uploads\/2020\/12\/shift-868980_1920-300x199.jpg\" class=\"attachment-medium size-medium wp-post-image\" alt=\"\" sizes=\"(max-width: 285px) 100vw, 285px\" title=\"Automatyczna czy manualna skrzynia bieg\u00f3w. Wady i zalety.\" srcset=\"https:\/\/czasnamoto.pl\/wp-content\/uploads\/2020\/12\/shift-868980_1920-300x199.jpg 300w, https:\/\/czasnamoto.pl\/wp-content\/uploads\/2020\/12\/shift-868980_1920-1024x681.jpg 1024w, https:\/\/czasnamoto.pl\/wp-content\/uploads\/2020\/12\/shift-868980_1920-768x510.jpg 768w, https:\/\/czasnamoto.pl\/wp-content\/uploads\/2020\/12\/shift-868980_1920-1536x1021.jpg 1536w, https:\/\/czasnamoto.pl\/wp-content\/uploads\/2020\/12\/shift-868980_1920-150x100.jpg 150w, https:\/\/czasnamoto.pl\/wp-content\/uploads\/2020\/12\/shift-868980_1920-450x299.jpg 450w, https:\/\/czasnamoto.pl\/wp-content\/uploads\/2020\/12\/shift-868980_1920-1200x798.jpg 1200w, https:\/\/czasnamoto.pl\/wp-content\/uploads\/2020\/12\/shift-868980_1920.jpg 1920w\" \/><\/a>\t\t\t\n\t\t\t\n\t\t\t\n\t\t\t\t\t\t\t\n\t\t\t\t<span class=\"cat-labels cat-labels-overlay c-overlay p-bot-left\">\n\t\t\t\t<a href=\"https:\/\/czasnamoto.pl\/index.php\/category\/wiadomosci\/\" class=\"category term-color-36\" rel=\"category\">Wiadomo\u015bci<\/a>\n\t\t\t<\/span>\n\t\t\t\t\t\t\n\t\t\t\n\t\t\n\t\t<\/div>\n\t\n\n\t\n\t\t<div class=\"content\">\n\n\t\t\t<div class=\"post-meta post-meta-a\"><h2 class=\"is-title post-title\"><a href=\"https:\/\/czasnamoto.pl\/index.php\/2020\/12\/15\/automatyczna-czy-manualna-skrzynia-biegow-wady-i-zalety\/\">Automatyczna czy manualna skrzynia bieg\u00f3w. Wady i zalety.<\/a><\/h2><\/div>\t\t\t\n\t\t\t\t\t\t\n\t\t\t\t<div class=\"excerpt\">\n\t\t\t\t\t<p>W Europie kierowcy zwykle stawiaj\u0105 na manualn\u0105 skrzynie bieg\u00f3w, natomiast na innych rynkach takich jak&hellip;<\/p>\n\t\t\t\t<\/div>\n\t\t\t\n\t\t\t\n\t\t\t\n\t\t<\/div>\n\n\t\n<\/article>\n\t\t\t\t\n\t\t\t\n<article class=\"l-post list-post list-post-on-sm m-pos-left\">\n\n\t\n\t\t\t<div class=\"media\">\n\n\t\t\n\t\t\t<a href=\"https:\/\/czasnamoto.pl\/index.php\/2020\/12\/11\/o-czym-kierowcy-zapominaja-w-sezonie-jesienno-zimowym\/\" class=\"image-link media-ratio ratio-3-2\" title=\"O czym kierowcy zapominaj\u0105 w sezonie jesienno &#8211; zimowym?\"><img loading=\"lazy\" decoding=\"async\" width=\"285\" height=\"190\" src=\"https:\/\/czasnamoto.pl\/wp-content\/uploads\/2020\/12\/snow-1281636_1920-300x161.jpg\" class=\"attachment-medium size-medium wp-post-image\" alt=\"\" sizes=\"(max-width: 285px) 100vw, 285px\" title=\"O czym kierowcy zapominaj\u0105 w sezonie jesienno &#8211; zimowym?\" srcset=\"https:\/\/czasnamoto.pl\/wp-content\/uploads\/2020\/12\/snow-1281636_1920-1024x548.jpg 1024w, https:\/\/czasnamoto.pl\/wp-content\/uploads\/2020\/12\/snow-1281636_1920-768x411.jpg 768w, https:\/\/czasnamoto.pl\/wp-content\/uploads\/2020\/12\/snow-1281636_1920-1536x822.jpg 1536w, https:\/\/czasnamoto.pl\/wp-content\/uploads\/2020\/12\/snow-1281636_1920-450x241.jpg 450w, https:\/\/czasnamoto.pl\/wp-content\/uploads\/2020\/12\/snow-1281636_1920-1200x643.jpg 1200w, https:\/\/czasnamoto.pl\/wp-content\/uploads\/2020\/12\/snow-1281636_1920.jpg 1920w\" \/><\/a>\t\t\t\n\t\t\t\n\t\t\t\n\t\t\t\t\t\t\t\n\t\t\t\t<span class=\"cat-labels cat-labels-overlay c-overlay p-bot-left\">\n\t\t\t\t<a href=\"https:\/\/czasnamoto.pl\/index.php\/category\/wiadomosci\/\" class=\"category term-color-36\" rel=\"category\">Wiadomo\u015bci<\/a>\n\t\t\t<\/span>\n\t\t\t\t\t\t\n\t\t\t\n\t\t\n\t\t<\/div>\n\t\n\n\t\n\t\t<div class=\"content\">\n\n\t\t\t<div class=\"post-meta post-meta-a\"><h2 class=\"is-title post-title\"><a href=\"https:\/\/czasnamoto.pl\/index.php\/2020\/12\/11\/o-czym-kierowcy-zapominaja-w-sezonie-jesienno-zimowym\/\">O czym kierowcy zapominaj\u0105 w sezonie jesienno &#8211; zimowym?<\/a><\/h2><\/div>\t\t\t\n\t\t\t\t\t\t\n\t\t\t\t<div class=\"excerpt\">\n\t\t\t\t\t<p>Jesie\u0144 i zima wymagaj\u0105 zmiany przyzwyczaje\u0144 od kierowc\u00f3w, aby je\u017adzi\u0107 bezpiecznie. Spory wzrost wypadk\u00f3w na&hellip;<\/p>\n\t\t\t\t<\/div>\n\t\t\t\n\t\t\t\n\t\t\t\n\t\t<\/div>\n\n\t\n<\/article>\n\t\t\t\t\n\t\t\t\n<article class=\"l-post list-post list-post-on-sm m-pos-left\">\n\n\t\n\t\t\t<div class=\"media\">\n\n\t\t\n\t\t\t<a href=\"https:\/\/czasnamoto.pl\/index.php\/2020\/12\/09\/premiera-porsche-911-turbo-s-992-2021\/\" class=\"image-link media-ratio ratio-3-2\" title=\"PREMIERA: Porsche 911 Turbo S (992) 2021\"><img loading=\"lazy\" decoding=\"async\" width=\"285\" height=\"190\" src=\"https:\/\/czasnamoto.pl\/wp-content\/uploads\/2020\/12\/1-300x200.jpg\" class=\"attachment-medium size-medium wp-post-image\" alt=\"\" sizes=\"(max-width: 285px) 100vw, 285px\" title=\"PREMIERA: Porsche 911 Turbo S (992) 2021\" srcset=\"https:\/\/czasnamoto.pl\/wp-content\/uploads\/2020\/12\/1-300x200.jpg 300w, https:\/\/czasnamoto.pl\/wp-content\/uploads\/2020\/12\/1-1024x683.jpg 1024w, https:\/\/czasnamoto.pl\/wp-content\/uploads\/2020\/12\/1-768x512.jpg 768w, https:\/\/czasnamoto.pl\/wp-content\/uploads\/2020\/12\/1-1536x1024.jpg 1536w, https:\/\/czasnamoto.pl\/wp-content\/uploads\/2020\/12\/1-150x100.jpg 150w, https:\/\/czasnamoto.pl\/wp-content\/uploads\/2020\/12\/1-450x300.jpg 450w, https:\/\/czasnamoto.pl\/wp-content\/uploads\/2020\/12\/1-1200x800.jpg 1200w, https:\/\/czasnamoto.pl\/wp-content\/uploads\/2020\/12\/1.jpg 1800w\" \/><\/a>\t\t\t\n\t\t\t\n\t\t\t\n\t\t\t\t\t\t\t\n\t\t\t\t<span class=\"cat-labels cat-labels-overlay c-overlay p-bot-left\">\n\t\t\t\t<a href=\"https:\/\/czasnamoto.pl\/index.php\/category\/premiery\/\" class=\"category term-color-40\" rel=\"category\">Premiery<\/a>\n\t\t\t<\/span>\n\t\t\t\t\t\t\n\t\t\t\n\t\t\n\t\t<\/div>\n\t\n\n\t\n\t\t<div class=\"content\">\n\n\t\t\t<div class=\"post-meta post-meta-a\"><h2 class=\"is-title post-title\"><a href=\"https:\/\/czasnamoto.pl\/index.php\/2020\/12\/09\/premiera-porsche-911-turbo-s-992-2021\/\">PREMIERA: Porsche 911 Turbo S (992) 2021<\/a><\/h2><\/div>\t\t\t\n\t\t\t\t\t\t\n\t\t\t\t<div class=\"excerpt\">\n\t\t\t\t\t<p>Porsche 911 Turbo S to zawsze topowa odmiana flagowego, sportowego auta tego koncernu, kt\u00f3ra nadaje&hellip;<\/p>\n\t\t\t\t<\/div>\n\t\t\t\n\t\t\t\n\t\t\t\n\t\t<\/div>\n\n\t\n<\/article>\n\t\t\t\t\n\t\t\t\n<article class=\"l-post list-post list-post-on-sm m-pos-left\">\n\n\t\n\t\t\t<div class=\"media\">\n\n\t\t\n\t\t\t<a href=\"https:\/\/czasnamoto.pl\/index.php\/2020\/11\/30\/od-5-grudnia-bez-prawa-jazdy-w-portfelu\/\" class=\"image-link media-ratio ratio-3-2\" title=\"Od 5 grudnia bez prawa jazdy w portfelu!\"><img loading=\"lazy\" decoding=\"async\" width=\"285\" height=\"190\" src=\"https:\/\/czasnamoto.pl\/wp-content\/uploads\/2020\/11\/digital-printing-1198858_1920-300x199.jpg\" class=\"attachment-medium size-medium wp-post-image\" alt=\"\" sizes=\"(max-width: 285px) 100vw, 285px\" title=\"Od 5 grudnia bez prawa jazdy w portfelu!\" srcset=\"https:\/\/czasnamoto.pl\/wp-content\/uploads\/2020\/11\/digital-printing-1198858_1920-300x199.jpg 300w, https:\/\/czasnamoto.pl\/wp-content\/uploads\/2020\/11\/digital-printing-1198858_1920-1024x678.jpg 1024w, https:\/\/czasnamoto.pl\/wp-content\/uploads\/2020\/11\/digital-printing-1198858_1920-768x508.jpg 768w, https:\/\/czasnamoto.pl\/wp-content\/uploads\/2020\/11\/digital-printing-1198858_1920-1536x1017.jpg 1536w, https:\/\/czasnamoto.pl\/wp-content\/uploads\/2020\/11\/digital-printing-1198858_1920-150x99.jpg 150w, https:\/\/czasnamoto.pl\/wp-content\/uploads\/2020\/11\/digital-printing-1198858_1920-450x298.jpg 450w, https:\/\/czasnamoto.pl\/wp-content\/uploads\/2020\/11\/digital-printing-1198858_1920-1200x794.jpg 1200w, https:\/\/czasnamoto.pl\/wp-content\/uploads\/2020\/11\/digital-printing-1198858_1920.jpg 1920w\" \/><\/a>\t\t\t\n\t\t\t\n\t\t\t\n\t\t\t\t\t\t\t\n\t\t\t\t<span class=\"cat-labels cat-labels-overlay c-overlay p-bot-left\">\n\t\t\t\t<a href=\"https:\/\/czasnamoto.pl\/index.php\/category\/wiadomosci\/\" class=\"category term-color-36\" rel=\"category\">Wiadomo\u015bci<\/a>\n\t\t\t<\/span>\n\t\t\t\t\t\t\n\t\t\t\n\t\t\n\t\t<\/div>\n\t\n\n\t\n\t\t<div class=\"content\">\n\n\t\t\t<div class=\"post-meta post-meta-a\"><h2 class=\"is-title post-title\"><a href=\"https:\/\/czasnamoto.pl\/index.php\/2020\/11\/30\/od-5-grudnia-bez-prawa-jazdy-w-portfelu\/\">Od 5 grudnia bez prawa jazdy w portfelu!<\/a><\/h2><\/div>\t\t\t\n\t\t\t\t\t\t\n\t\t\t\t<div class=\"excerpt\">\n\t\t\t\t\t<p>Kierowcy zd\u0105\u017cyli si\u0119 przyzwyczai\u0107 do jazdy bez dowodu rejestracyjnego na terenie naszego kraju. Tym samym&hellip;<\/p>\n\t\t\t\t<\/div>\n\t\t\t\n\t\t\t\n\t\t\t\n\t\t<\/div>\n\n\t\n<\/article>\n\t\t\t\t\n\t\t\t\n<article class=\"l-post list-post list-post-on-sm m-pos-left\">\n\n\t\n\t\t\t<div class=\"media\">\n\n\t\t\n\t\t\t<a href=\"https:\/\/czasnamoto.pl\/index.php\/2020\/11\/25\/brak-polisy-oc-nowe-rozporzadzenia-i-kary\/\" class=\"image-link media-ratio ratio-3-2\" title=\"Brak polisy OC. Nowe rozporz\u0105dzenia i kary\"><img loading=\"lazy\" decoding=\"async\" width=\"285\" height=\"190\" src=\"https:\/\/czasnamoto.pl\/wp-content\/uploads\/2020\/11\/bodyworn-794111_1920-300x200.jpg\" class=\"attachment-medium size-medium wp-post-image\" alt=\"\" sizes=\"(max-width: 285px) 100vw, 285px\" title=\"Brak polisy OC. Nowe rozporz\u0105dzenia i kary\" srcset=\"https:\/\/czasnamoto.pl\/wp-content\/uploads\/2020\/11\/bodyworn-794111_1920-300x200.jpg 300w, https:\/\/czasnamoto.pl\/wp-content\/uploads\/2020\/11\/bodyworn-794111_1920-1024x683.jpg 1024w, https:\/\/czasnamoto.pl\/wp-content\/uploads\/2020\/11\/bodyworn-794111_1920-768x512.jpg 768w, https:\/\/czasnamoto.pl\/wp-content\/uploads\/2020\/11\/bodyworn-794111_1920-1536x1024.jpg 1536w, https:\/\/czasnamoto.pl\/wp-content\/uploads\/2020\/11\/bodyworn-794111_1920-150x100.jpg 150w, https:\/\/czasnamoto.pl\/wp-content\/uploads\/2020\/11\/bodyworn-794111_1920-450x300.jpg 450w, https:\/\/czasnamoto.pl\/wp-content\/uploads\/2020\/11\/bodyworn-794111_1920-1200x800.jpg 1200w, https:\/\/czasnamoto.pl\/wp-content\/uploads\/2020\/11\/bodyworn-794111_1920.jpg 1920w\" \/><\/a>\t\t\t\n\t\t\t\n\t\t\t\n\t\t\t\t\t\t\t\n\t\t\t\t<span class=\"cat-labels cat-labels-overlay c-overlay p-bot-left\">\n\t\t\t\t<a href=\"https:\/\/czasnamoto.pl\/index.php\/category\/wiadomosci\/\" class=\"category term-color-36\" rel=\"category\">Wiadomo\u015bci<\/a>\n\t\t\t<\/span>\n\t\t\t\t\t\t\n\t\t\t\n\t\t\n\t\t<\/div>\n\t\n\n\t\n\t\t<div class=\"content\">\n\n\t\t\t<div class=\"post-meta post-meta-a\"><h2 class=\"is-title post-title\"><a href=\"https:\/\/czasnamoto.pl\/index.php\/2020\/11\/25\/brak-polisy-oc-nowe-rozporzadzenia-i-kary\/\">Brak polisy OC. Nowe rozporz\u0105dzenia i kary<\/a><\/h2><\/div>\t\t\t\n\t\t\t\t\t\t\n\t\t\t\t<div class=\"excerpt\">\n\t\t\t\t\t<p>Ubezpieczeniowy Fundusz Gwarancyjny poda\u0142 nowe kwoty, kt\u00f3re b\u0119d\u0105 obowi\u0105zywa\u0107 w 2021 roku za brak polisy&hellip;<\/p>\n\t\t\t\t<\/div>\n\t\t\t\n\t\t\t\n\t\t\t\n\t\t<\/div>\n\n\t\n<\/article>\n\t\t\t\t\n\t\t\t\n<article class=\"l-post list-post list-post-on-sm m-pos-left\">\n\n\t\n\t\t\t<div class=\"media\">\n\n\t\t\n\t\t\t<a href=\"https:\/\/czasnamoto.pl\/index.php\/2020\/11\/13\/premiera-polestar-1\/\" class=\"image-link media-ratio ratio-3-2\" title=\"Premiera: Polestar 1\"><img loading=\"lazy\" decoding=\"async\" width=\"285\" height=\"190\" src=\"https:\/\/czasnamoto.pl\/wp-content\/uploads\/2020\/11\/wyr-300x199.jpg\" class=\"attachment-medium size-medium wp-post-image\" alt=\"\" sizes=\"(max-width: 285px) 100vw, 285px\" title=\"Premiera: Polestar 1\" srcset=\"https:\/\/czasnamoto.pl\/wp-content\/uploads\/2020\/11\/wyr-300x199.jpg 300w, https:\/\/czasnamoto.pl\/wp-content\/uploads\/2020\/11\/wyr-1024x681.jpg 1024w, https:\/\/czasnamoto.pl\/wp-content\/uploads\/2020\/11\/wyr-768x511.jpg 768w, https:\/\/czasnamoto.pl\/wp-content\/uploads\/2020\/11\/wyr-150x100.jpg 150w, https:\/\/czasnamoto.pl\/wp-content\/uploads\/2020\/11\/wyr-450x299.jpg 450w, https:\/\/czasnamoto.pl\/wp-content\/uploads\/2020\/11\/wyr-1200x798.jpg 1200w, https:\/\/czasnamoto.pl\/wp-content\/uploads\/2020\/11\/wyr.jpg 1384w\" \/><\/a>\t\t\t\n\t\t\t\n\t\t\t\n\t\t\t\t\t\t\t\n\t\t\t\t<span class=\"cat-labels cat-labels-overlay c-overlay p-bot-left\">\n\t\t\t\t<a href=\"https:\/\/czasnamoto.pl\/index.php\/category\/premiery\/\" class=\"category term-color-40\" rel=\"category\">Premiery<\/a>\n\t\t\t<\/span>\n\t\t\t\t\t\t\n\t\t\t\n\t\t\n\t\t<\/div>\n\t\n\n\t\n\t\t<div class=\"content\">\n\n\t\t\t<div class=\"post-meta post-meta-a\"><h2 class=\"is-title post-title\"><a href=\"https:\/\/czasnamoto.pl\/index.php\/2020\/11\/13\/premiera-polestar-1\/\">Premiera: Polestar 1<\/a><\/h2><\/div>\t\t\t\n\t\t\t\t\t\t\n\t\t\t\t<div class=\"excerpt\">\n\t\t\t\t\t<p>Polestar 1 to hybrydowy, luksusowy samoch\u00f3d sportowy klasy grand tourismo (GT) produkowany od 2019 roku&hellip;<\/p>\n\t\t\t\t<\/div>\n\t\t\t\n\t\t\t\n\t\t\t\n\t\t<\/div>\n\n\t\n<\/article>\n\t\t\t\t\n\t\t\t\n<article class=\"l-post list-post list-post-on-sm m-pos-left\">\n\n\t\n\t\t\t<div class=\"media\">\n\n\t\t\n\t\t\t<a href=\"https:\/\/czasnamoto.pl\/index.php\/2020\/11\/06\/lexus-lc500-cv\/\" class=\"image-link media-ratio ratio-3-2\" title=\"Lexus LC500 CV\"><img loading=\"lazy\" decoding=\"async\" width=\"285\" height=\"190\" src=\"https:\/\/czasnamoto.pl\/wp-content\/uploads\/2020\/11\/w-300x169.jpg\" class=\"attachment-medium size-medium wp-post-image\" alt=\"\" sizes=\"(max-width: 285px) 100vw, 285px\" title=\"Lexus LC500 CV\" srcset=\"https:\/\/czasnamoto.pl\/wp-content\/uploads\/2020\/11\/w-1024x576.jpg 1024w, https:\/\/czasnamoto.pl\/wp-content\/uploads\/2020\/11\/w-768x432.jpg 768w, https:\/\/czasnamoto.pl\/wp-content\/uploads\/2020\/11\/w-1536x864.jpg 1536w, https:\/\/czasnamoto.pl\/wp-content\/uploads\/2020\/11\/w-450x253.jpg 450w, https:\/\/czasnamoto.pl\/wp-content\/uploads\/2020\/11\/w-1200x675.jpg 1200w, https:\/\/czasnamoto.pl\/wp-content\/uploads\/2020\/11\/w.jpg 1920w\" \/><\/a>\t\t\t\n\t\t\t\n\t\t\t\n\t\t\t\t\t\t\t\n\t\t\t\t<span class=\"cat-labels cat-labels-overlay c-overlay p-bot-left\">\n\t\t\t\t<a href=\"https:\/\/czasnamoto.pl\/index.php\/category\/wiadomosci\/\" class=\"category term-color-36\" rel=\"category\">Wiadomo\u015bci<\/a>\n\t\t\t<\/span>\n\t\t\t\t\t\t\n\t\t\t\n\t\t\n\t\t<\/div>\n\t\n\n\t\n\t\t<div class=\"content\">\n\n\t\t\t<div class=\"post-meta post-meta-a\"><h2 class=\"is-title post-title\"><a href=\"https:\/\/czasnamoto.pl\/index.php\/2020\/11\/06\/lexus-lc500-cv\/\">Lexus LC500 CV<\/a><\/h2><\/div>\t\t\t\n\t\t\t\t\t\t\n\t\t\t\t<div class=\"excerpt\">\n\t\t\t\t\t<p>Nowy Lexus LC500 Convertible, bowiem taka jest jego pe\u0142na nazwa, trafi\u0142 do polskich salon\u00f3w tej&hellip;<\/p>\n\t\t\t\t<\/div>\n\t\t\t\n\t\t\t\n\t\t\t\n\t\t<\/div>\n\n\t\n<\/article>\n\t\t\t\t\n\t\t\t\n<article class=\"l-post list-post list-post-on-sm m-pos-left\">\n\n\t\n\t\t\t<div class=\"media\">\n\n\t\t\n\t\t\t<a href=\"https:\/\/czasnamoto.pl\/index.php\/2020\/10\/31\/honda-nsx-2017\/\" class=\"image-link media-ratio ratio-3-2\" title=\"Honda NSX 2017\"><img loading=\"lazy\" decoding=\"async\" width=\"285\" height=\"190\" src=\"https:\/\/czasnamoto.pl\/wp-content\/uploads\/2020\/10\/tyt-300x141.jpg\" class=\"attachment-medium size-medium wp-post-image\" alt=\"\" sizes=\"(max-width: 285px) 100vw, 285px\" title=\"Honda NSX 2017\" srcset=\"https:\/\/czasnamoto.pl\/wp-content\/uploads\/2020\/10\/tyt-1024x480.jpg 1024w, https:\/\/czasnamoto.pl\/wp-content\/uploads\/2020\/10\/tyt-768x360.jpg 768w, https:\/\/czasnamoto.pl\/wp-content\/uploads\/2020\/10\/tyt-450x211.jpg 450w, https:\/\/czasnamoto.pl\/wp-content\/uploads\/2020\/10\/tyt-1200x563.jpg 1200w, https:\/\/czasnamoto.pl\/wp-content\/uploads\/2020\/10\/tyt.jpg 1386w\" \/><\/a>\t\t\t\n\t\t\t\n\t\t\t\n\t\t\t\t\t\t\t\n\t\t\t\t<span class=\"cat-labels cat-labels-overlay c-overlay p-bot-left\">\n\t\t\t\t<a href=\"https:\/\/czasnamoto.pl\/index.php\/category\/wiadomosci\/\" class=\"category term-color-36\" rel=\"category\">Wiadomo\u015bci<\/a>\n\t\t\t<\/span>\n\t\t\t\t\t\t\n\t\t\t\n\t\t\n\t\t<\/div>\n\t\n\n\t\n\t\t<div class=\"content\">\n\n\t\t\t<div class=\"post-meta post-meta-a\"><h2 class=\"is-title post-title\"><a href=\"https:\/\/czasnamoto.pl\/index.php\/2020\/10\/31\/honda-nsx-2017\/\">Honda NSX 2017<\/a><\/h2><\/div>\t\t\t\n\t\t\t\t\t\t\n\t\t\t\t<div class=\"excerpt\">\n\t\t\t\t\t<p>Nowa Honda NSX pojawi\u0142a si\u0119 na rynku ju\u017c w 2016 roku, jednak do dzi\u015b wzbudza&hellip;<\/p>\n\t\t\t\t<\/div>\n\t\t\t\n\t\t\t\n\t\t\t\n\t\t<\/div>\n\n\t\n<\/article>\n\t\t\t\t\n\t\t\t\n<article class=\"l-post list-post list-post-on-sm m-pos-left\">\n\n\t\n\t\t\t<div class=\"media\">\n\n\t\t\n\t\t\t<a href=\"https:\/\/czasnamoto.pl\/index.php\/2020\/10\/27\/premiery-rolls-royce-ghost-2021\/\" class=\"image-link media-ratio ratio-3-2\" title=\"PREMIERY: Rolls Royce Ghost 2021\"><img loading=\"lazy\" decoding=\"async\" width=\"285\" height=\"190\" src=\"https:\/\/czasnamoto.pl\/wp-content\/uploads\/2020\/10\/Zrzut-ekranu-2020-10-27-o-19.38.49-300x244.png\" class=\"attachment-medium size-medium wp-post-image\" alt=\"\" sizes=\"(max-width: 285px) 100vw, 285px\" title=\"PREMIERY: Rolls Royce Ghost 2021\" srcset=\"https:\/\/czasnamoto.pl\/wp-content\/uploads\/2020\/10\/Zrzut-ekranu-2020-10-27-o-19.38.49-300x244.png 300w, https:\/\/czasnamoto.pl\/wp-content\/uploads\/2020\/10\/Zrzut-ekranu-2020-10-27-o-19.38.49-768x625.png 768w, https:\/\/czasnamoto.pl\/wp-content\/uploads\/2020\/10\/Zrzut-ekranu-2020-10-27-o-19.38.49-450x366.png 450w, https:\/\/czasnamoto.pl\/wp-content\/uploads\/2020\/10\/Zrzut-ekranu-2020-10-27-o-19.38.49.png 1002w\" \/><\/a>\t\t\t\n\t\t\t\n\t\t\t\n\t\t\t\t\t\t\t\n\t\t\t\t<span class=\"cat-labels cat-labels-overlay c-overlay p-bot-left\">\n\t\t\t\t<a href=\"https:\/\/czasnamoto.pl\/index.php\/category\/motorsport\/\" class=\"category term-color-39\" rel=\"category\">MotorSport<\/a>\n\t\t\t<\/span>\n\t\t\t\t\t\t\n\t\t\t\n\t\t\n\t\t<\/div>\n\t\n\n\t\n\t\t<div class=\"content\">\n\n\t\t\t<div class=\"post-meta post-meta-a\"><h2 class=\"is-title post-title\"><a href=\"https:\/\/czasnamoto.pl\/index.php\/2020\/10\/27\/premiery-rolls-royce-ghost-2021\/\">PREMIERY: Rolls Royce Ghost 2021<\/a><\/h2><\/div>\t\t\t\n\t\t\t\t\t\t\n\t\t\t\t<div class=\"excerpt\">\n\t\t\t\t\t<p>Najnowszy Rolls Royce Ghost zadebiutowa\u0142 we wrze\u015bniu 2020 roku. To najbardziej zaawansowany Rolls-Royce, jaki powsta\u0142&hellip;<\/p>\n\t\t\t\t<\/div>\n\t\t\t\n\t\t\t\n\t\t\t\n\t\t<\/div>\n\n\t\n<\/article>\n\t\t\t\t\n\t\t\t\n<article class=\"l-post list-post list-post-on-sm m-pos-left\">\n\n\t\n\t\t\t<div class=\"media\">\n\n\t\t\n\t\t\t<a href=\"https:\/\/czasnamoto.pl\/index.php\/2020\/10\/07\/nowy-samochod-czy-uzywany-jak-zdecydowac\/\" class=\"image-link media-ratio ratio-3-2\" title=\"Nowy samoch\u00f3d czy u\u017cywany? Jak zdecydowa\u0107\"><img loading=\"lazy\" decoding=\"async\" width=\"285\" height=\"190\" src=\"https:\/\/czasnamoto.pl\/wp-content\/uploads\/2020\/10\/david-von-diemar-xB0_kDvX8e0-unsplash-scaled-1-300x184.jpg\" class=\"attachment-medium size-medium wp-post-image\" alt=\"\" sizes=\"(max-width: 285px) 100vw, 285px\" title=\"Nowy samoch\u00f3d czy u\u017cywany? Jak zdecydowa\u0107\" srcset=\"https:\/\/czasnamoto.pl\/wp-content\/uploads\/2020\/10\/david-von-diemar-xB0_kDvX8e0-unsplash-scaled-1-300x184.jpg 300w, https:\/\/czasnamoto.pl\/wp-content\/uploads\/2020\/10\/david-von-diemar-xB0_kDvX8e0-unsplash-scaled-1-1024x627.jpg 1024w, https:\/\/czasnamoto.pl\/wp-content\/uploads\/2020\/10\/david-von-diemar-xB0_kDvX8e0-unsplash-scaled-1-768x470.jpg 768w, https:\/\/czasnamoto.pl\/wp-content\/uploads\/2020\/10\/david-von-diemar-xB0_kDvX8e0-unsplash-scaled-1-1536x941.jpg 1536w, https:\/\/czasnamoto.pl\/wp-content\/uploads\/2020\/10\/david-von-diemar-xB0_kDvX8e0-unsplash-scaled-1-2048x1254.jpg 2048w, https:\/\/czasnamoto.pl\/wp-content\/uploads\/2020\/10\/david-von-diemar-xB0_kDvX8e0-unsplash-scaled-1-150x92.jpg 150w, https:\/\/czasnamoto.pl\/wp-content\/uploads\/2020\/10\/david-von-diemar-xB0_kDvX8e0-unsplash-scaled-1-450x276.jpg 450w, https:\/\/czasnamoto.pl\/wp-content\/uploads\/2020\/10\/david-von-diemar-xB0_kDvX8e0-unsplash-scaled-1-1200x735.jpg 1200w\" \/><\/a>\t\t\t\n\t\t\t\n\t\t\t\n\t\t\t\t\t\t\t\n\t\t\t\t<span class=\"cat-labels cat-labels-overlay c-overlay p-bot-left\">\n\t\t\t\t<a href=\"https:\/\/czasnamoto.pl\/index.php\/category\/wiadomosci\/\" class=\"category term-color-36\" rel=\"category\">Wiadomo\u015bci<\/a>\n\t\t\t<\/span>\n\t\t\t\t\t\t\n\t\t\t\n\t\t\n\t\t<\/div>\n\t\n\n\t\n\t\t<div class=\"content\">\n\n\t\t\t<div class=\"post-meta post-meta-a\"><h2 class=\"is-title post-title\"><a href=\"https:\/\/czasnamoto.pl\/index.php\/2020\/10\/07\/nowy-samochod-czy-uzywany-jak-zdecydowac\/\">Nowy samoch\u00f3d czy u\u017cywany? Jak zdecydowa\u0107<\/a><\/h2><\/div>\t\t\t\n\t\t\t\t\t\t\n\t\t\t\t<div class=\"excerpt\">\n\t\t\t\t\t<p>Statystyczny Polak posiadaj\u0105cy prawo jazdy, zmienia samoch\u00f3d co kilka lat. Czy jest wi\u0119c sens kupowania&hellip;<\/p>\n\t\t\t\t<\/div>\n\t\t\t\n\t\t\t\n\t\t\t\n\t\t<\/div>\n\n\t\n<\/article>\n\t\t\t\t\n\t\t\t\n<article class=\"l-post list-post list-post-on-sm m-pos-left\">\n\n\t\n\t\t\t<div class=\"media\">\n\n\t\t\n\t\t\t<a href=\"https:\/\/czasnamoto.pl\/index.php\/2020\/09\/30\/typowe-objawy-zatarcia-silnika-jak-sobie-radzic\/\" class=\"image-link media-ratio ratio-3-2\" title=\"Typowe objawy zatarcia silnika. Jak sobie radzi\u0107?\"><img loading=\"lazy\" decoding=\"async\" width=\"285\" height=\"190\" src=\"https:\/\/czasnamoto.pl\/wp-content\/uploads\/2020\/09\/erik-mclean-l5o3cs_MiV0-unsplash-scaled-1-200x300.jpg\" class=\"attachment-medium size-medium wp-post-image\" alt=\"\" sizes=\"(max-width: 285px) 100vw, 285px\" title=\"Typowe objawy zatarcia silnika. Jak sobie radzi\u0107?\" srcset=\"https:\/\/czasnamoto.pl\/wp-content\/uploads\/2020\/09\/erik-mclean-l5o3cs_MiV0-unsplash-scaled-1-200x300.jpg 200w, https:\/\/czasnamoto.pl\/wp-content\/uploads\/2020\/09\/erik-mclean-l5o3cs_MiV0-unsplash-scaled-1-683x1024.jpg 683w, https:\/\/czasnamoto.pl\/wp-content\/uploads\/2020\/09\/erik-mclean-l5o3cs_MiV0-unsplash-scaled-1-768x1152.jpg 768w, https:\/\/czasnamoto.pl\/wp-content\/uploads\/2020\/09\/erik-mclean-l5o3cs_MiV0-unsplash-scaled-1-1024x1536.jpg 1024w, https:\/\/czasnamoto.pl\/wp-content\/uploads\/2020\/09\/erik-mclean-l5o3cs_MiV0-unsplash-scaled-1-1366x2048.jpg 1366w, https:\/\/czasnamoto.pl\/wp-content\/uploads\/2020\/09\/erik-mclean-l5o3cs_MiV0-unsplash-scaled-1-150x225.jpg 150w, https:\/\/czasnamoto.pl\/wp-content\/uploads\/2020\/09\/erik-mclean-l5o3cs_MiV0-unsplash-scaled-1-450x675.jpg 450w, https:\/\/czasnamoto.pl\/wp-content\/uploads\/2020\/09\/erik-mclean-l5o3cs_MiV0-unsplash-scaled-1-1200x1800.jpg 1200w, https:\/\/czasnamoto.pl\/wp-content\/uploads\/2020\/09\/erik-mclean-l5o3cs_MiV0-unsplash-scaled-1.jpg 1707w\" \/><\/a>\t\t\t\n\t\t\t\n\t\t\t\n\t\t\t\t\t\t\t\n\t\t\t\t<span class=\"cat-labels cat-labels-overlay c-overlay p-bot-left\">\n\t\t\t\t<a href=\"https:\/\/czasnamoto.pl\/index.php\/category\/motorsport\/\" class=\"category term-color-39\" rel=\"category\">MotorSport<\/a>\n\t\t\t<\/span>\n\t\t\t\t\t\t\n\t\t\t\n\t\t\n\t\t<\/div>\n\t\n\n\t\n\t\t<div class=\"content\">\n\n\t\t\t<div class=\"post-meta post-meta-a\"><h2 class=\"is-title post-title\"><a href=\"https:\/\/czasnamoto.pl\/index.php\/2020\/09\/30\/typowe-objawy-zatarcia-silnika-jak-sobie-radzic\/\">Typowe objawy zatarcia silnika. Jak sobie radzi\u0107?<\/a><\/h2><\/div>\t\t\t\n\t\t\t\t\t\t\n\t\t\t\t<div class=\"excerpt\">\n\t\t\t\t\t<p>Zatarcie silnika mo\u017ce dotyczy\u0107 ka\u017cdego silnika, nawet o minimalnym przebiegu, niekiedy dochodzi\u00a0\u00a0do niego bez ostrze\u017cenia,&hellip;<\/p>\n\t\t\t\t<\/div>\n\t\t\t\n\t\t\t\n\t\t\t\n\t\t<\/div>\n\n\t\n<\/article>\n\t\t\t\t\n\t\t\t\n<article class=\"l-post list-post list-post-on-sm m-pos-left\">\n\n\t\n\t\t\t<div class=\"media\">\n\n\t\t\n\t\t\t<a href=\"https:\/\/czasnamoto.pl\/index.php\/2020\/09\/17\/road-safety-days-wzmozone-kontrole-na-drogach-pierwsza-taka-akcja-drogowa-w-2020-r\/\" class=\"image-link media-ratio ratio-3-2\" title=\"\u201eRoad Safety Days\u201d Wzmo\u017cone kontrole na drogach. Pierwsza taka akcja drogowa w 2020 r.\"><img loading=\"lazy\" decoding=\"async\" width=\"285\" height=\"190\" src=\"https:\/\/czasnamoto.pl\/wp-content\/uploads\/2020\/09\/folco-masi-KJNvBH8vtE-unsplash-scaled-1-193x300.jpg\" class=\"attachment-medium size-medium wp-post-image\" alt=\"\" sizes=\"(max-width: 285px) 100vw, 285px\" title=\"\u201eRoad Safety Days\u201d Wzmo\u017cone kontrole na drogach. Pierwsza taka akcja drogowa w 2020 r.\" srcset=\"https:\/\/czasnamoto.pl\/wp-content\/uploads\/2020\/09\/folco-masi-KJNvBH8vtE-unsplash-scaled-1-193x300.jpg 193w, https:\/\/czasnamoto.pl\/wp-content\/uploads\/2020\/09\/folco-masi-KJNvBH8vtE-unsplash-scaled-1-150x233.jpg 150w, https:\/\/czasnamoto.pl\/wp-content\/uploads\/2020\/09\/folco-masi-KJNvBH8vtE-unsplash-scaled-1-450x698.jpg 450w, https:\/\/czasnamoto.pl\/wp-content\/uploads\/2020\/09\/folco-masi-KJNvBH8vtE-unsplash-scaled-1.jpg 660w\" \/><\/a>\t\t\t\n\t\t\t\n\t\t\t\n\t\t\t\t\t\t\t\n\t\t\t\t<span class=\"cat-labels cat-labels-overlay c-overlay p-bot-left\">\n\t\t\t\t<a href=\"https:\/\/czasnamoto.pl\/index.php\/category\/wiadomosci\/\" class=\"category term-color-36\" rel=\"category\">Wiadomo\u015bci<\/a>\n\t\t\t<\/span>\n\t\t\t\t\t\t\n\t\t\t\n\t\t\n\t\t<\/div>\n\t\n\n\t\n\t\t<div class=\"content\">\n\n\t\t\t<div class=\"post-meta post-meta-a\"><h2 class=\"is-title post-title\"><a href=\"https:\/\/czasnamoto.pl\/index.php\/2020\/09\/17\/road-safety-days-wzmozone-kontrole-na-drogach-pierwsza-taka-akcja-drogowa-w-2020-r\/\">\u201eRoad Safety Days\u201d Wzmo\u017cone kontrole na drogach. Pierwsza taka akcja drogowa w 2020 r.<\/a><\/h2><\/div>\t\t\t\n\t\t\t\t\t\t\n\t\t\t\t<div class=\"excerpt\">\n\t\t\t\t\t<p>Ju\u017c dzi\u015b rusza Europejski Krajowy Tydzie\u0144 Bezpiecze\u0144stwa Ruchu Drogowego, kt\u00f3ry potrwa do 22 wrze\u015bnia. Dzia\u0142ania&hellip;<\/p>\n\t\t\t\t<\/div>\n\t\t\t\n\t\t\t\n\t\t\t\n\t\t<\/div>\n\n\t\n<\/article>\n\t\t\t\t\n\t\t\t\n<article class=\"l-post list-post list-post-on-sm m-pos-left\">\n\n\t\n\t\t\t<div class=\"media\">\n\n\t\t\n\t\t\t<a href=\"https:\/\/czasnamoto.pl\/index.php\/2020\/08\/17\/auta-gwiazd-jakimi-samochodami-jezdza-polscy-celebryci\/\" class=\"image-link media-ratio ratio-3-2\" title=\"Auta gwiazd- Jakimi samochodami je\u017cd\u017c\u0105 polscy celebryci?\"><img loading=\"lazy\" decoding=\"async\" width=\"285\" height=\"190\" src=\"https:\/\/czasnamoto.pl\/wp-content\/uploads\/2020\/08\/Zrzut-ekranu-2020-08-17-o-13.23.59-300x168.png\" class=\"attachment-medium size-medium wp-post-image\" alt=\"\" sizes=\"(max-width: 285px) 100vw, 285px\" title=\"Auta gwiazd- Jakimi samochodami je\u017cd\u017c\u0105 polscy celebryci?\" srcset=\"https:\/\/czasnamoto.pl\/wp-content\/uploads\/2020\/08\/Zrzut-ekranu-2020-08-17-o-13.23.59-768x430.png 768w, https:\/\/czasnamoto.pl\/wp-content\/uploads\/2020\/08\/Zrzut-ekranu-2020-08-17-o-13.23.59-450x252.png 450w, https:\/\/czasnamoto.pl\/wp-content\/uploads\/2020\/08\/Zrzut-ekranu-2020-08-17-o-13.23.59.png 1024w\" \/><\/a>\t\t\t\n\t\t\t\n\t\t\t\n\t\t\t\t\t\t\t\n\t\t\t\t<span class=\"cat-labels cat-labels-overlay c-overlay p-bot-left\">\n\t\t\t\t<a href=\"https:\/\/czasnamoto.pl\/index.php\/category\/wiadomosci\/\" class=\"category term-color-36\" rel=\"category\">Wiadomo\u015bci<\/a>\n\t\t\t<\/span>\n\t\t\t\t\t\t\n\t\t\t\n\t\t\n\t\t<\/div>\n\t\n\n\t\n\t\t<div class=\"content\">\n\n\t\t\t<div class=\"post-meta post-meta-a\"><h2 class=\"is-title post-title\"><a href=\"https:\/\/czasnamoto.pl\/index.php\/2020\/08\/17\/auta-gwiazd-jakimi-samochodami-jezdza-polscy-celebryci\/\">Auta gwiazd- Jakimi samochodami je\u017cd\u017c\u0105 polscy celebryci?<\/a><\/h2><\/div>\t\t\t\n\t\t\t\t\t\t\n\t\t\t\t<div class=\"excerpt\">\n\t\t\t\t\t<p>Nie od dzi\u015b wiadomo, \u017ce nasze wymagania bardzo cz\u0119sto rosn\u0105 wprost proporcjonalnie do naszych zarobk\u00f3w.&hellip;<\/p>\n\t\t\t\t<\/div>\n\t\t\t\n\t\t\t\n\t\t\t\n\t\t<\/div>\n\n\t\n<\/article>\n\t\t\t\t\n\t\t\t\n<article class=\"l-post list-post list-post-on-sm m-pos-left\">\n\n\t\n\t\t\t<div class=\"media\">\n\n\t\t\n\t\t\t<a href=\"https:\/\/czasnamoto.pl\/index.php\/2020\/08\/13\/policyjne-grupy-speed-na-polskich-drogach\/\" class=\"image-link media-ratio ratio-3-2\" title=\"Policyjne Grupy SPEED na polskich drogach\"><img loading=\"lazy\" decoding=\"async\" width=\"285\" height=\"190\" src=\"https:\/\/czasnamoto.pl\/wp-content\/uploads\/2020\/08\/rodan-can-6cqJPeTIuls-unsplash-scaled-1-300x200.jpg\" class=\"attachment-medium size-medium wp-post-image\" alt=\"\" sizes=\"(max-width: 285px) 100vw, 285px\" title=\"Policyjne Grupy SPEED na polskich drogach\" srcset=\"https:\/\/czasnamoto.pl\/wp-content\/uploads\/2020\/08\/rodan-can-6cqJPeTIuls-unsplash-scaled-1-300x200.jpg 300w, https:\/\/czasnamoto.pl\/wp-content\/uploads\/2020\/08\/rodan-can-6cqJPeTIuls-unsplash-scaled-1-768x512.jpg 768w, https:\/\/czasnamoto.pl\/wp-content\/uploads\/2020\/08\/rodan-can-6cqJPeTIuls-unsplash-scaled-1-150x100.jpg 150w, https:\/\/czasnamoto.pl\/wp-content\/uploads\/2020\/08\/rodan-can-6cqJPeTIuls-unsplash-scaled-1-450x300.jpg 450w, https:\/\/czasnamoto.pl\/wp-content\/uploads\/2020\/08\/rodan-can-6cqJPeTIuls-unsplash-scaled-1.jpg 1024w\" \/><\/a>\t\t\t\n\t\t\t\n\t\t\t\n\t\t\t\t\t\t\t\n\t\t\t\t<span class=\"cat-labels cat-labels-overlay c-overlay p-bot-left\">\n\t\t\t\t<a href=\"https:\/\/czasnamoto.pl\/index.php\/category\/wiadomosci\/\" class=\"category term-color-36\" rel=\"category\">Wiadomo\u015bci<\/a>\n\t\t\t<\/span>\n\t\t\t\t\t\t\n\t\t\t\n\t\t\n\t\t<\/div>\n\t\n\n\t\n\t\t<div class=\"content\">\n\n\t\t\t<div class=\"post-meta post-meta-a\"><h2 class=\"is-title post-title\"><a href=\"https:\/\/czasnamoto.pl\/index.php\/2020\/08\/13\/policyjne-grupy-speed-na-polskich-drogach\/\">Policyjne Grupy SPEED na polskich drogach<\/a><\/h2><\/div>\t\t\t\n\t\t\t\t\t\t\n\t\t\t\t<div class=\"excerpt\">\n\t\t\t\t\t<p>Polska Policja ostrzega. Niedostosowanie pr\u0119dko\u015bci do warunk\u00f3w ruchu jest g\u0142\u00f3wn\u0105 przyczyn\u0105 wypadk\u00f3w ze skutkiem \u015bmiertelnym&hellip;<\/p>\n\t\t\t\t<\/div>\n\t\t\t\n\t\t\t\n\t\t\t\n\t\t<\/div>\n\n\t\n<\/article>\n\t\t\t\t\n\t\t\t\n<article class=\"l-post list-post list-post-on-sm m-pos-left\">\n\n\t\n\t\t\t<div class=\"media\">\n\n\t\t\n\t\t\t<a href=\"https:\/\/czasnamoto.pl\/index.php\/2020\/08\/13\/1762\/\" class=\"image-link media-ratio ratio-3-2\" title=\"BMW X5, SUV, kt\u00f3ry robi furor\u0119 na drodze\"><img loading=\"lazy\" decoding=\"async\" width=\"285\" height=\"190\" src=\"https:\/\/czasnamoto.pl\/wp-content\/uploads\/2020\/08\/Zrzut-ekranu-2020-08-13-o-09.50.22-300x206.png\" class=\"attachment-medium size-medium wp-post-image\" alt=\"\" sizes=\"(max-width: 285px) 100vw, 285px\" title=\"BMW X5, SUV, kt\u00f3ry robi furor\u0119 na drodze\" srcset=\"https:\/\/czasnamoto.pl\/wp-content\/uploads\/2020\/08\/Zrzut-ekranu-2020-08-13-o-09.50.22-300x206.png 300w, https:\/\/czasnamoto.pl\/wp-content\/uploads\/2020\/08\/Zrzut-ekranu-2020-08-13-o-09.50.22-768x527.png 768w, https:\/\/czasnamoto.pl\/wp-content\/uploads\/2020\/08\/Zrzut-ekranu-2020-08-13-o-09.50.22-150x103.png 150w, https:\/\/czasnamoto.pl\/wp-content\/uploads\/2020\/08\/Zrzut-ekranu-2020-08-13-o-09.50.22-450x309.png 450w, https:\/\/czasnamoto.pl\/wp-content\/uploads\/2020\/08\/Zrzut-ekranu-2020-08-13-o-09.50.22.png 1024w\" \/><\/a>\t\t\t\n\t\t\t\n\t\t\t\n\t\t\t\t\t\t\t\n\t\t\t\t<span class=\"cat-labels cat-labels-overlay c-overlay p-bot-left\">\n\t\t\t\t<a href=\"https:\/\/czasnamoto.pl\/index.php\/category\/wiadomosci\/\" class=\"category term-color-36\" rel=\"category\">Wiadomo\u015bci<\/a>\n\t\t\t<\/span>\n\t\t\t\t\t\t\n\t\t\t\n\t\t\n\t\t<\/div>\n\t\n\n\t\n\t\t<div class=\"content\">\n\n\t\t\t<div class=\"post-meta post-meta-a\"><h2 class=\"is-title post-title\"><a href=\"https:\/\/czasnamoto.pl\/index.php\/2020\/08\/13\/1762\/\">BMW X5, SUV, kt\u00f3ry robi furor\u0119 na drodze<\/a><\/h2><\/div>\t\t\t\n\t\t\t\t\t\t\n\t\t\t\t<div class=\"excerpt\">\n\t\t\t\t\t<p>BMW X5 Klasa, szyk, elegancja. SUV, kt\u00f3ry robi furor\u0119 na drodze. Swoj\u0105 prezencj\u0119 ma wypisan\u0105&hellip;<\/p>\n\t\t\t\t<\/div>\n\t\t\t\n\t\t\t\n\t\t\t\n\t\t<\/div>\n\n\t\n<\/article>\n\t\t\t\t\n\t\t\t\n<article class=\"l-post list-post list-post-on-sm m-pos-left\">\n\n\t\n\t\t\t<div class=\"media\">\n\n\t\t\n\t\t\t<a href=\"https:\/\/czasnamoto.pl\/index.php\/2020\/08\/08\/wiadomosci-wpis-4\/\" class=\"image-link media-ratio ratio-3-2\" title=\"Rajd Rzeszowski za nami!\"><img loading=\"lazy\" decoding=\"async\" width=\"285\" height=\"190\" src=\"https:\/\/czasnamoto.pl\/wp-content\/uploads\/2020\/08\/IMG_7913-rotated-1-225x300.jpg\" class=\"attachment-medium size-medium wp-post-image\" alt=\"\" sizes=\"(max-width: 285px) 100vw, 285px\" title=\"Rajd Rzeszowski za nami!\" srcset=\"https:\/\/czasnamoto.pl\/wp-content\/uploads\/2020\/08\/IMG_7913-rotated-1-225x300.jpg 225w, https:\/\/czasnamoto.pl\/wp-content\/uploads\/2020\/08\/IMG_7913-rotated-1-768x1024.jpg 768w, https:\/\/czasnamoto.pl\/wp-content\/uploads\/2020\/08\/IMG_7913-rotated-1-1152x1536.jpg 1152w, https:\/\/czasnamoto.pl\/wp-content\/uploads\/2020\/08\/IMG_7913-rotated-1-150x200.jpg 150w, https:\/\/czasnamoto.pl\/wp-content\/uploads\/2020\/08\/IMG_7913-rotated-1-450x600.jpg 450w, https:\/\/czasnamoto.pl\/wp-content\/uploads\/2020\/08\/IMG_7913-rotated-1-1200x1600.jpg 1200w, https:\/\/czasnamoto.pl\/wp-content\/uploads\/2020\/08\/IMG_7913-rotated-1.jpg 1512w\" \/><\/a>\t\t\t\n\t\t\t\n\t\t\t\n\t\t\t\t\t\t\t\n\t\t\t\t<span class=\"cat-labels cat-labels-overlay c-overlay p-bot-left\">\n\t\t\t\t<a href=\"https:\/\/czasnamoto.pl\/index.php\/category\/wiadomosci\/\" class=\"category term-color-36\" rel=\"category\">Wiadomo\u015bci<\/a>\n\t\t\t<\/span>\n\t\t\t\t\t\t\n\t\t\t\n\t\t\n\t\t<\/div>\n\t\n\n\t\n\t\t<div class=\"content\">\n\n\t\t\t<div class=\"post-meta post-meta-a\"><h2 class=\"is-title post-title\"><a href=\"https:\/\/czasnamoto.pl\/index.php\/2020\/08\/08\/wiadomosci-wpis-4\/\">Rajd Rzeszowski za nami!<\/a><\/h2><\/div>\t\t\t\n\t\t\t\t\t\t\n\t\t\t\t<div class=\"excerpt\">\n\t\t\t\t\t<p>Emocje rajdowe przez chwil\u0119 by\u0142y wstrzymane. Pandemia skutecznie unieruchomi\u0142a r\u00f3wnie\u017c eventy sportowe. Jednak w ubieg\u0142y&hellip;<\/p>\n\t\t\t\t<\/div>\n\t\t\t\n\t\t\t\n\t\t\t\n\t\t<\/div>\n\n\t\n<\/article>\n\t\t\t\t\n\t\t\t\n<article class=\"l-post list-post list-post-on-sm m-pos-left\">\n\n\t\n\t\t\t<div class=\"media\">\n\n\t\t\n\t\t\t<a href=\"https:\/\/czasnamoto.pl\/index.php\/2020\/08\/08\/wywiady-i-opinie-1\/\" class=\"image-link media-ratio ratio-3-2\" title=\"270 ofiar \u015bmiertelnych na polskich drogach\"><img loading=\"lazy\" decoding=\"async\" width=\"285\" height=\"190\" src=\"https:\/\/czasnamoto.pl\/wp-content\/uploads\/2020\/08\/Zrzut-ekranu-2020-08-10-o-08.37.44-300x298.png\" class=\"attachment-medium size-medium wp-post-image\" alt=\"\" sizes=\"(max-width: 285px) 100vw, 285px\" title=\"270 ofiar \u015bmiertelnych na polskich drogach\" srcset=\"https:\/\/czasnamoto.pl\/wp-content\/uploads\/2020\/08\/Zrzut-ekranu-2020-08-10-o-08.37.44-300x298.png 300w, https:\/\/czasnamoto.pl\/wp-content\/uploads\/2020\/08\/Zrzut-ekranu-2020-08-10-o-08.37.44-768x764.png 768w, https:\/\/czasnamoto.pl\/wp-content\/uploads\/2020\/08\/Zrzut-ekranu-2020-08-10-o-08.37.44-450x447.png 450w, https:\/\/czasnamoto.pl\/wp-content\/uploads\/2020\/08\/Zrzut-ekranu-2020-08-10-o-08.37.44.png 1024w\" \/><\/a>\t\t\t\n\t\t\t\n\t\t\t\n\t\t\t\t\t\t\t\n\t\t\t\t<span class=\"cat-labels cat-labels-overlay c-overlay p-bot-left\">\n\t\t\t\t<a href=\"https:\/\/czasnamoto.pl\/index.php\/category\/wiadomosci\/\" class=\"category term-color-36\" rel=\"category\">Wiadomo\u015bci<\/a>\n\t\t\t<\/span>\n\t\t\t\t\t\t\n\t\t\t\n\t\t\n\t\t<\/div>\n\t\n\n\t\n\t\t<div class=\"content\">\n\n\t\t\t<div class=\"post-meta post-meta-a\"><h2 class=\"is-title post-title\"><a href=\"https:\/\/czasnamoto.pl\/index.php\/2020\/08\/08\/wywiady-i-opinie-1\/\">270 ofiar \u015bmiertelnych na polskich drogach<\/a><\/h2><\/div>\t\t\t\n\t\t\t\t\t\t\n\t\t\t\t<div class=\"excerpt\">\n\t\t\t\t\t<p>Wakacje to czas wzmo\u017conego ruchu na polskich drogach. Wyjazdy, zmiany miejsc. Cz\u0119sto kierowcy spiesz\u0105c si\u0119,&hellip;<\/p>\n\t\t\t\t<\/div>\n\t\t\t\n\t\t\t\n\t\t\t\n\t\t<\/div>\n\n\t\n<\/article>\n\t\t\t\t\n\t\t\t\n<article class=\"l-post list-post list-post-on-sm m-pos-left\">\n\n\t\n\t\t\t<div class=\"media\">\n\n\t\t\n\t\t\t<a href=\"https:\/\/czasnamoto.pl\/index.php\/2020\/08\/06\/wywiady-i-opinie-2\/\" class=\"image-link media-ratio ratio-3-2\" title=\"Klimatyzacja pomaga lub szkodzi, pami\u0119taj o przegl\u0105dzie!\"><img loading=\"lazy\" decoding=\"async\" width=\"285\" height=\"190\" src=\"https:\/\/czasnamoto.pl\/wp-content\/uploads\/2020\/08\/dan-gold-kARZuSYMfrA-unsplash-1-scaled-1-300x169.jpg\" class=\"attachment-medium size-medium wp-post-image\" alt=\"\" sizes=\"(max-width: 285px) 100vw, 285px\" title=\"Klimatyzacja pomaga lub szkodzi, pami\u0119taj o przegl\u0105dzie!\" srcset=\"https:\/\/czasnamoto.pl\/wp-content\/uploads\/2020\/08\/dan-gold-kARZuSYMfrA-unsplash-1-scaled-1-768x432.jpg 768w, https:\/\/czasnamoto.pl\/wp-content\/uploads\/2020\/08\/dan-gold-kARZuSYMfrA-unsplash-1-scaled-1-450x253.jpg 450w, https:\/\/czasnamoto.pl\/wp-content\/uploads\/2020\/08\/dan-gold-kARZuSYMfrA-unsplash-1-scaled-1.jpg 1024w\" \/><\/a>\t\t\t\n\t\t\t\n\t\t\t\n\t\t\t\t\t\t\t\n\t\t\t\t<span class=\"cat-labels cat-labels-overlay c-overlay p-bot-left\">\n\t\t\t\t<a href=\"https:\/\/czasnamoto.pl\/index.php\/category\/wiadomosci\/\" class=\"category term-color-36\" rel=\"category\">Wiadomo\u015bci<\/a>\n\t\t\t<\/span>\n\t\t\t\t\t\t\n\t\t\t\n\t\t\n\t\t<\/div>\n\t\n\n\t\n\t\t<div class=\"content\">\n\n\t\t\t<div class=\"post-meta post-meta-a\"><h2 class=\"is-title post-title\"><a href=\"https:\/\/czasnamoto.pl\/index.php\/2020\/08\/06\/wywiady-i-opinie-2\/\">Klimatyzacja pomaga lub szkodzi, pami\u0119taj o przegl\u0105dzie!<\/a><\/h2><\/div>\t\t\t\n\t\t\t\t\t\t\n\t\t\t\t<div class=\"excerpt\">\n\t\t\t\t\t<p>Klimatyzacja w lecie to podstawa. Wi\u0119kszo\u015b\u0107 z nas nie wyobra\u017ca sobie auta bez klimatyzacji. Niestety&hellip;<\/p>\n\t\t\t\t<\/div>\n\t\t\t\n\t\t\t\n\t\t\t\n\t\t<\/div>\n\n\t\n<\/article>\n\t\t\n\t<\/div>\n\n\t\t\t\t\t<\/div>\n\n\t\t<\/section>\n\t\t\t\t<\/div>\n\t\t\t\t<\/div>\n\t\t\t\t\t<\/div>\n\t\t<\/div>\n\t\t\t\t<div class=\"elementor-column elementor-col-33 elementor-top-column elementor-element elementor-element-fb04f95 main-sidebar main-sidebar ts-sticky-col\" data-id=\"fb04f95\" data-element_type=\"column\">\n\t\t\t<div class=\"elementor-widget-wrap elementor-element-populated\">\n\t\t\t\t\t\t<div class=\"elementor-element elementor-element-6cb197e elementor-widget elementor-widget-wp-widget-bunyad-social\" data-id=\"6cb197e\" data-element_type=\"widget\" data-widget_type=\"wp-widget-bunyad-social.default\">\n\t\t\t\t<div class=\"elementor-widget-container\">\n\t\t\t<div class=\"widget widget-social-b\"><div class=\"widget-title block-head block-head-ac block-head block-head-ac block-head-g is-left has-style\"><h5 class=\"heading\">Social<\/h5><\/div>\t\t<div class=\"spc-social-follow spc-social-follow-b spc-social-colors spc-social-bg\">\n\t\t\t<ul class=\"services grid grid-1 md:grid-4 sm:grid-2\" itemscope itemtype=\"http:\/\/schema.org\/Organization\">\n\t\t\t\t<link itemprop=\"url\" href=\"https:\/\/czasnamoto.pl\/\">\n\t\t\t\t\t\t\t\t\n\t\t\t\t<li class=\"service-wrap\">\n\n\t\t\t\t\t<a href=\"https:\/\/www.instagram.com\/czas_na_moto\" class=\"service service-link s-instagram\" target=\"_blank\" itemprop=\"sameAs\" rel=\"nofollow noopener\">\n\t\t\t\t\t\t<i class=\"the-icon tsi tsi-instagram\"><\/i>\n\t\t\t\t\t\t<span class=\"label\">Instagram<\/span>\n\n\t\t\t\t\t\t\t\n\t\t\t\t\t<\/a>\n\n\t\t\t\t<\/li>\n\t\t\t\t\n\t\t\t\t\t\t\t<\/ul>\n\t\t<\/div>\n\t\t\n\t\t<\/div>\t\t<\/div>\n\t\t\t\t<\/div>\n\t\t\t\t<div class=\"elementor-element elementor-element-c1e11aa elementor-widget elementor-widget-smartmag-highlights\" data-id=\"c1e11aa\" data-element_type=\"widget\" data-widget_type=\"smartmag-highlights.default\">\n\t\t\t\t<div class=\"elementor-widget-container\">\n\t\t\t\t\t<section class=\"block-wrap block-highlights block-sc mb-none\" data-id=\"3\" data-is-mixed=\"1\">\n\n\t\t\t\t\t\t\t\t\n\t\t\t\t\t\t\t\n\t\t\t\t<div class=\"block-head block-head-g is-left term-color-13\">\n\n\t\t\t\t\t<h4 class=\"heading\"><a href=\"https:\/\/czasnamoto.pl\/index.php\/category\/example-3\/\">Dodatkowy BOX<\/a><\/h4>\t\t\t\t\t\n\t\t\t\t\t\t\t\t\t<\/div>\n\t\t\t\t\n\t\t\t\n\t\t\t\n\t\t\t<div class=\"block-content\">\n\t\t\t\t\t\n\t<div class=\"loops-mixed\">\n\t\t\t\n\t<div class=\"loop loop-grid loop-grid-base grid grid-1 md:grid-1 xs:grid-1\">\n\n\t\t\n\t<\/div>\n\n\t\t\n\n\t<div class=\"loop loop-small loop-small-a grid grid-1 md:grid-1 sm:grid-1 xs:grid-1\">\n\n\t\t\n\t<\/div>\n\n\t\t\t<\/div>\n\n\n\t\t\t\t<\/div>\n\n\t\t<\/section>\n\t\t\t\t<\/div>\n\t\t\t\t<\/div>\n\t\t\t\t\t<\/div>\n\t\t<\/div>\n\t\t\t\t\t<\/div>\n\t\t<\/section>\n\t\t\t\t<\/div>\n\t\t","protected":false},"excerpt":{"rendered":"<p>Jak si\u0119 upewni\u0107, \u017ce kupowany samoch\u00f3d nie jest po wypadku? Motoryzacyjne tendencje zakupowe Polak\u00f3w. Jak dba\u0107 o zawieszenie samochodu? Najwa\u017cniejsze rzeczy, kt\u00f3re powiniene\u015b wiedzie\u0107 o elementach zawieszenia i jego stanie Nowa era Volvo. Koniec z silnikami spalinowymi. Koniec ze stacjonarn\u0105 sprzeda\u017c\u0105 Skup auta. Zalety tego rozwi\u0105zania dla sprzedaj\u0105cych u\u017cywane auta. Wiadomo\u015bci Dzia\u0142anie pow\u0142ok ceramicznych. Wszystko<\/p>\n","protected":false},"author":1,"featured_media":0,"parent":0,"menu_order":0,"comment_status":"closed","ping_status":"closed","template":"page-templates\/no-wrapper.php","meta":{"footnotes":""},"class_list":["post-3035","page","type-page","status-publish"],"amp_enabled":false,"_links":{"self":[{"href":"https:\/\/czasnamoto.pl\/index.php\/wp-json\/wp\/v2\/pages\/3035","targetHints":{"allow":["GET"]}}],"collection":[{"href":"https:\/\/czasnamoto.pl\/index.php\/wp-json\/wp\/v2\/pages"}],"about":[{"href":"https:\/\/czasnamoto.pl\/index.php\/wp-json\/wp\/v2\/types\/page"}],"author":[{"embeddable":true,"href":"https:\/\/czasnamoto.pl\/index.php\/wp-json\/wp\/v2\/users\/1"}],"replies":[{"embeddable":true,"href":"https:\/\/czasnamoto.pl\/index.php\/wp-json\/wp\/v2\/comments?post=3035"}],"version-history":[{"count":16,"href":"https:\/\/czasnamoto.pl\/index.php\/wp-json\/wp\/v2\/pages\/3035\/revisions"}],"predecessor-version":[{"id":3399,"href":"https:\/\/czasnamoto.pl\/index.php\/wp-json\/wp\/v2\/pages\/3035\/revisions\/3399"}],"wp:attachment":[{"href":"https:\/\/czasnamoto.pl\/index.php\/wp-json\/wp\/v2\/media?parent=3035"}],"curies":[{"name":"wp","href":"https:\/\/api.w.org\/{rel}","templated":true}]}}